{"version":"1.0","provider_name":"Graie","provider_url":"https:\/\/asso.graie.org\/portail","title":"PUBLICATION | Restaurer les milieux et pr\u00e9venir les inondations gr\u00e2ce au g\u00e9nie v\u00e9g\u00e9tal | Graie","type":"rich","width":600,"height":338,"html":"<blockquote class=\"wp-embedded-content\" data-secret=\"VFpzO56xpp\"><a href=\"https:\/\/asso.graie.org\/portail\/restaurer-les-milieux-et-prevenir-les-inondations\/\">PUBLICATION | Restaurer les milieux et pr\u00e9venir les inondations gr\u00e2ce au g\u00e9nie v\u00e9g\u00e9tal<\/a><\/blockquote><iframe sandbox=\"allow-scripts\" security=\"restricted\" src=\"https:\/\/asso.graie.org\/portail\/restaurer-les-milieux-et-prevenir-les-inondations\/embed\/#?secret=VFpzO56xpp\" width=\"600\" height=\"338\" title=\"\u00ab\u00a0PUBLICATION | Restaurer les milieux et pr\u00e9venir les inondations gr\u00e2ce au g\u00e9nie v\u00e9g\u00e9tal\u00a0\u00bb &#8212; Graie\" data-secret=\"VFpzO56xpp\" frameborder=\"0\" marginwidth=\"0\" marginheight=\"0\" scrolling=\"no\" class=\"wp-embedded-content\"><\/iframe><script type=\"text\/javascript\">\n\/*! This file is auto-generated *\/\n!function(c,d){\"use strict\";var e=!1,o=!1;if(d.querySelector)if(c.addEventListener)e=!0;if(c.wp=c.wp||{},c.wp.receiveEmbedMessage);else if(c.wp.receiveEmbedMessage=function(e){var t=e.data;if(!t);else if(!(t.secret||t.message||t.value));else if(\/[^a-zA-Z0-9]\/.test(t.secret));else{for(var r,s,a,i=d.querySelectorAll('iframe[data-secret=\"'+t.secret+'\"]'),n=d.querySelectorAll('blockquote[data-secret=\"'+t.secret+'\"]'),o=new RegExp(\"^https?:$\",\"i\"),l=0;l<n.length;l++)n[l].style.display=\"none\";for(l=0;l<i.length;l++)if(r=i[l],e.source!==r.contentWindow);else{if(r.removeAttribute(\"style\"),\"height\"===t.message){if(1e3<(s=parseInt(t.value,10)))s=1e3;else if(~~s<200)s=200;r.height=s}if(\"link\"===t.message)if(s=d.createElement(\"a\"),a=d.createElement(\"a\"),s.href=r.getAttribute(\"src\"),a.href=t.value,!o.test(a.protocol));else if(a.host===s.host)if(d.activeElement===r)c.top.location.href=t.value}}},e)c.addEventListener(\"message\",c.wp.receiveEmbedMessage,!1),d.addEventListener(\"DOMContentLoaded\",t,!1),c.addEventListener(\"load\",t,!1);function t(){if(o);else{o=!0;for(var e,t,r,s=-1!==navigator.appVersion.indexOf(\"MSIE 10\"),a=!!navigator.userAgent.match(\/Trident.*rv:11\\.\/),i=d.querySelectorAll(\"iframe.wp-embedded-content\"),n=0;n<i.length;n++){if(!(r=(t=i[n]).getAttribute(\"data-secret\")))r=Math.random().toString(36).substr(2,10),t.src+=\"#?secret=\"+r,t.setAttribute(\"data-secret\",r);if(s||a)(e=t.cloneNode(!0)).removeAttribute(\"security\"),t.parentNode.replaceChild(e,t);t.contentWindow.postMessage({message:\"ready\",secret:r},\"*\")}}}}(window,document);\n<\/script>\n","thumbnail_url":"https:\/\/asso.graie.org\/portail\/wp-content\/uploads\/2018\/05\/frey.jpg","thumbnail_width":325,"thumbnail_height":472,"description":"&nbsp; &nbsp; &nbsp; &nbsp; &nbsp; Un ouvrage de Freddy Rey, directeur de recherche \u00e0 Irstea, Grenoble, en ing\u00e9nierie \u00e9cologique et pr\u00e9sident de l\u2019Association fran\u00e7aise pour le g\u00e9nie biologique ou g\u00e9nie v\u00e9g\u00e9tal (AG\u00e9Bio). Les politiques publiques en France et en Europe &hellip;"}