{"id":11068,"date":"2018-07-20T10:45:44","date_gmt":"2018-07-20T08:45:44","guid":{"rendered":"https:\/\/asso.graie.org\/portail\/?page_id=11068"},"modified":"2021-10-26T16:37:31","modified_gmt":"2021-10-26T14:37:31","slug":"adhesion","status":"publish","type":"page","link":"https:\/\/asso.graie.org\/portail\/animationregionale\/animations-specifiques\/charte-anc-charte-anc-accueil\/adhesion\/","title":{"rendered":"Charte Qualit&rsquo;ANC &#8211; Adh\u00e9sion"},"content":{"rendered":"<h2>L&rsquo;adh\u00e9sion \u00e0 la charte Qualit&rsquo;ANC.<\/h2>\n<p><strong>Faites valoir votre engagement et vos comp\u00e9tences pour un ANC de qualit\u00e9 !<\/strong><\/p>\n<p>Besoin d&rsquo;un rappel concernant la d\u00e9marche et les engagements ? <a href=\"https:\/\/asso.graie.org\/portail\/animationregionale\/animations-specifiques\/charte-anc-charte-anc-accueil\/\">Cliquez-ici !<\/a><\/p>\n<p>La gestion des adh\u00e9sions et de leur renouvellement est suspendue pour l&rsquo;ann\u00e9e 2021.<\/p>\n<p>Besoin d&rsquo;information ? <a class=\"lightbox-enabled\" href=\"https:\/\/asso.graie.org\/portail\/elodie-sanchez-collet\/\" data-caption=\"\" title=\"\">Contactez-nous<\/a> !<\/p>\n<p>&nbsp;<\/p>\n<h3 class=\"h1agenda\">Qui peut adh\u00e9rer ?<\/h3>\n<ul>\n<li>les professionnels de la conception des installations (bureaux d\u2019\u00e9tudes)<\/li>\n<li>les professionnels de la mise en \u0153uvre des installations (artisans, entreprises du b\u00e2timent et des travaux publics)<\/li>\n<li>les professionnels de l\u2019entretien et\/ou de la vidange (vidangeurs, entreprises d\u2019assainissement )<\/li>\n<li>les services publics d&rsquo;assainissement non collectif (SPANC), en charge du contr\u00f4le des installations et potentiellement d&rsquo;autres missions non obligatoires (animation de programmes de r\u00e9habilitation, entretien des installations, \u2026).<\/li>\n<\/ul>\n<p>NOUVEAUT\u00c9 2019 : l&rsquo;adh\u00e9sion pour les professionnels de la maintenance est \u00e0 pr\u00e9sent disponible !<\/p>\n<p>L&rsquo;un des objectifs \u00e9tant de mettre en relation l&rsquo;ensemble des acteurs de l&rsquo;ANC, la charte pourrait s&rsquo;ouvrir dans un second temps \u00e0 davantage de professionnels (notaires, agences immobili\u00e8res,..)<\/p>\n<p>&nbsp;<\/p>\n<h3>Comment adh\u00e9rer ? Adh\u00e9sions suspendues en 2021<\/h3>\n<p>Toute demande d&rsquo;adh\u00e9sion doit \u00eatre transmise au Graie et comporter les \u00e9l\u00e9ments suivants :<\/p>\n<ul>\n<li>le formulaire de demande d&rsquo;adh\u00e9sion dument compl\u00e9t\u00e9 et sign\u00e9 ;<\/li>\n<li>les diff\u00e9rents justificatifs demand\u00e9s (liste disponible dans le formulaire d&rsquo;adh\u00e9sion) ;<\/li>\n<li>le r\u00e8glement des frais d&rsquo;adh\u00e9sion, qui incluent les frais d&rsquo;inscription \u00e0 la journ\u00e9e annuelle d&rsquo;information et qui contribueront \u00e0 l&rsquo;animation de la charte : 140\u20ac\/an<\/li>\n<\/ul>\n<p>&nbsp;<\/p>\n<p class=\"encart\"><span style=\"color: #808080;\"><span style=\"color: #ffffff;\">L&rsquo;instruction des demandes d&rsquo;adh\u00e9sion ou renouvellements a \u00e9t\u00e9 suspendue pour 2021<\/span><\/span><\/p>\n<p>&nbsp;<\/p>\n<p><em>D\u00e9j\u00e0 adh\u00e9rent \u00e0 une organisation professionnelle partenaire ? Votre adh\u00e9sion peut \u00eatre all\u00e9g\u00e9e ! Pour en savoir plus, contactez-nous.<\/em><\/p>\n<p>&nbsp;<\/p>\n<h3>Adh\u00e9sion agence\/antenne<\/h3>\n<p>Depuis Juillet 2018, l&rsquo;adh\u00e9sion pour vos agences ou antennes est facilit\u00e9e par la cr\u00e9ation d&rsquo;une proc\u00e9dure adapt\u00e9e et de formulaires d\u00e9di\u00e9s.<\/p>\n<p>&nbsp;<\/p>\n","protected":false},"excerpt":{"rendered":"<p>L&rsquo;adh\u00e9sion \u00e0 la charte Qualit&rsquo;ANC. Faites valoir votre engagement et vos comp\u00e9tences pour un ANC de qualit\u00e9 ! Besoin d&rsquo;un rappel concernant la d\u00e9marche et les engagements ? Cliquez-ici ! La gestion des adh\u00e9sions et de leur renouvellement est suspendue &hellip;<\/p>\n","protected":false},"author":1,"featured_media":0,"parent":8741,"menu_order":0,"comment_status":"closed","ping_status":"closed","template":"","meta":{"_mi_skip_tracking":false,"footnotes":""},"acf":[],"yoast_head":"<!-- This site is optimized with the Yoast SEO plugin v19.13 - https:\/\/yoast.com\/wordpress\/plugins\/seo\/ -->\n<title>Adh\u00e9sion | Charte Qualit&#039;ANC | Le Graie<\/title>\n<meta name=\"description\" content=\"Faites valoir votre engagement et vos comp\u00e9tences pour un ANC de qualit\u00e9 ! D\u00e9couvrez comment adh\u00e9rer \u00e0 la charte Qualit&#039;ANC anim\u00e9e par le Graie.\" \/>\n<meta name=\"robots\" content=\"index, follow, max-snippet:-1, max-image-preview:large, max-video-preview:-1\" \/>\n<link rel=\"canonical\" href=\"https:\/\/asso.graie.org\/portail\/animationregionale\/animations-specifiques\/charte-anc-charte-anc-accueil\/adhesion\/\" \/>\n<meta property=\"og:locale\" content=\"fr_FR\" \/>\n<meta property=\"og:type\" content=\"article\" \/>\n<meta property=\"og:title\" content=\"Adh\u00e9sion | Charte Qualit&#039;ANC | Le Graie\" \/>\n<meta property=\"og:description\" content=\"Faites valoir votre engagement et vos comp\u00e9tences pour un ANC de qualit\u00e9 ! D\u00e9couvrez comment adh\u00e9rer \u00e0 la charte Qualit&#039;ANC anim\u00e9e par le Graie.\" \/>\n<meta property=\"og:url\" content=\"https:\/\/asso.graie.org\/portail\/animationregionale\/animations-specifiques\/charte-anc-charte-anc-accueil\/adhesion\/\" \/>\n<meta property=\"og:site_name\" content=\"Graie\" \/>\n<meta property=\"article:modified_time\" content=\"2021-10-26T14:37:31+00:00\" \/>\n<meta name=\"twitter:card\" content=\"summary_large_image\" \/>\n<meta name=\"twitter:site\" content=\"@asso_graie\" \/>\n<meta name=\"twitter:label1\" content=\"Dur\u00e9e de lecture estim\u00e9e\" \/>\n\t<meta name=\"twitter:data1\" content=\"2 minutes\" \/>\n<script type=\"application\/ld+json\" class=\"yoast-schema-graph\">{\"@context\":\"https:\/\/schema.org\",\"@graph\":[{\"@type\":\"WebPage\",\"@id\":\"https:\/\/asso.graie.org\/portail\/animationregionale\/animations-specifiques\/charte-anc-charte-anc-accueil\/adhesion\/\",\"url\":\"https:\/\/asso.graie.org\/portail\/animationregionale\/animations-specifiques\/charte-anc-charte-anc-accueil\/adhesion\/\",\"name\":\"Adh\u00e9sion | Charte Qualit'ANC | Le Graie\",\"isPartOf\":{\"@id\":\"https:\/\/asso.graie.org\/portail\/#website\"},\"datePublished\":\"2018-07-20T08:45:44+00:00\",\"dateModified\":\"2021-10-26T14:37:31+00:00\",\"description\":\"Faites valoir votre engagement et vos comp\u00e9tences pour un ANC de qualit\u00e9 ! D\u00e9couvrez comment adh\u00e9rer \u00e0 la charte Qualit'ANC anim\u00e9e par le Graie.\",\"breadcrumb\":{\"@id\":\"https:\/\/asso.graie.org\/portail\/animationregionale\/animations-specifiques\/charte-anc-charte-anc-accueil\/adhesion\/#breadcrumb\"},\"inLanguage\":\"fr-FR\",\"potentialAction\":[{\"@type\":\"ReadAction\",\"target\":[\"https:\/\/asso.graie.org\/portail\/animationregionale\/animations-specifiques\/charte-anc-charte-anc-accueil\/adhesion\/\"]}]},{\"@type\":\"BreadcrumbList\",\"@id\":\"https:\/\/asso.graie.org\/portail\/animationregionale\/animations-specifiques\/charte-anc-charte-anc-accueil\/adhesion\/#breadcrumb\",\"itemListElement\":[{\"@type\":\"ListItem\",\"position\":1,\"name\":\"Accueil\",\"item\":\"https:\/\/asso.graie.org\/portail\/\"},{\"@type\":\"ListItem\",\"position\":2,\"name\":\"Animation\",\"item\":\"https:\/\/asso.graie.org\/portail\/animationregionale\/\"},{\"@type\":\"ListItem\",\"position\":3,\"name\":\"Animations sp\u00e9cifiques\",\"item\":\"https:\/\/asso.graie.org\/portail\/animationregionale\/animations-specifiques\/\"},{\"@type\":\"ListItem\",\"position\":4,\"name\":\"Charte Qualit&rsquo;ANC\",\"item\":\"https:\/\/asso.graie.org\/portail\/animationregionale\/animations-specifiques\/charte-anc-charte-anc-accueil\/\"},{\"@type\":\"ListItem\",\"position\":5,\"name\":\"Charte Qualit&rsquo;ANC &#8211; Adh\u00e9sion\"}]},{\"@type\":\"WebSite\",\"@id\":\"https:\/\/asso.graie.org\/portail\/#website\",\"url\":\"https:\/\/asso.graie.org\/portail\/\",\"name\":\"Graie\",\"description\":\"P\u00f4le Eau et Territoires\",\"publisher\":{\"@id\":\"https:\/\/asso.graie.org\/portail\/#organization\"},\"potentialAction\":[{\"@type\":\"SearchAction\",\"target\":{\"@type\":\"EntryPoint\",\"urlTemplate\":\"https:\/\/asso.graie.org\/portail\/?s={search_term_string}\"},\"query-input\":\"required name=search_term_string\"}],\"inLanguage\":\"fr-FR\"},{\"@type\":\"Organization\",\"@id\":\"https:\/\/asso.graie.org\/portail\/#organization\",\"name\":\"Le Graie\",\"url\":\"https:\/\/asso.graie.org\/portail\/\",\"logo\":{\"@type\":\"ImageObject\",\"inLanguage\":\"fr-FR\",\"@id\":\"https:\/\/asso.graie.org\/portail\/#\/schema\/logo\/image\/\",\"url\":\"https:\/\/asso.graie.org\/portail\/wp-content\/uploads\/2021\/12\/Logotype-Graie.png\",\"contentUrl\":\"https:\/\/asso.graie.org\/portail\/wp-content\/uploads\/2021\/12\/Logotype-Graie.png\",\"width\":1890,\"height\":1181,\"caption\":\"Le Graie\"},\"image\":{\"@id\":\"https:\/\/asso.graie.org\/portail\/#\/schema\/logo\/image\/\"},\"sameAs\":[\"https:\/\/fr.linkedin.com\/company\/graie?trk=top_nav_home\",\"https:\/\/www.youtube.com\/channel\/UCZQk0Tt7upYwERYNdDIZqLQ\",\"https:\/\/twitter.com\/asso_graie\"]}]}<\/script>\n<!-- \/ Yoast SEO plugin. -->","yoast_head_json":{"title":"Adh\u00e9sion | Charte Qualit'ANC | Le Graie","description":"Faites valoir votre engagement et vos comp\u00e9tences pour un ANC de qualit\u00e9 ! D\u00e9couvrez comment adh\u00e9rer \u00e0 la charte Qualit'ANC anim\u00e9e par le Graie.","robots":{"index":"index","follow":"follow","max-snippet":"max-snippet:-1","max-image-preview":"max-image-preview:large","max-video-preview":"max-video-preview:-1"},"canonical":"https:\/\/asso.graie.org\/portail\/animationregionale\/animations-specifiques\/charte-anc-charte-anc-accueil\/adhesion\/","og_locale":"fr_FR","og_type":"article","og_title":"Adh\u00e9sion | Charte Qualit'ANC | Le Graie","og_description":"Faites valoir votre engagement et vos comp\u00e9tences pour un ANC de qualit\u00e9 ! D\u00e9couvrez comment adh\u00e9rer \u00e0 la charte Qualit'ANC anim\u00e9e par le Graie.","og_url":"https:\/\/asso.graie.org\/portail\/animationregionale\/animations-specifiques\/charte-anc-charte-anc-accueil\/adhesion\/","og_site_name":"Graie","article_modified_time":"2021-10-26T14:37:31+00:00","twitter_card":"summary_large_image","twitter_site":"@asso_graie","twitter_misc":{"Dur\u00e9e de lecture estim\u00e9e":"2 minutes"},"schema":{"@context":"https:\/\/schema.org","@graph":[{"@type":"WebPage","@id":"https:\/\/asso.graie.org\/portail\/animationregionale\/animations-specifiques\/charte-anc-charte-anc-accueil\/adhesion\/","url":"https:\/\/asso.graie.org\/portail\/animationregionale\/animations-specifiques\/charte-anc-charte-anc-accueil\/adhesion\/","name":"Adh\u00e9sion | Charte Qualit'ANC | Le Graie","isPartOf":{"@id":"https:\/\/asso.graie.org\/portail\/#website"},"datePublished":"2018-07-20T08:45:44+00:00","dateModified":"2021-10-26T14:37:31+00:00","description":"Faites valoir votre engagement et vos comp\u00e9tences pour un ANC de qualit\u00e9 ! D\u00e9couvrez comment adh\u00e9rer \u00e0 la charte Qualit'ANC anim\u00e9e par le Graie.","breadcrumb":{"@id":"https:\/\/asso.graie.org\/portail\/animationregionale\/animations-specifiques\/charte-anc-charte-anc-accueil\/adhesion\/#breadcrumb"},"inLanguage":"fr-FR","potentialAction":[{"@type":"ReadAction","target":["https:\/\/asso.graie.org\/portail\/animationregionale\/animations-specifiques\/charte-anc-charte-anc-accueil\/adhesion\/"]}]},{"@type":"BreadcrumbList","@id":"https:\/\/asso.graie.org\/portail\/animationregionale\/animations-specifiques\/charte-anc-charte-anc-accueil\/adhesion\/#breadcrumb","itemListElement":[{"@type":"ListItem","position":1,"name":"Accueil","item":"https:\/\/asso.graie.org\/portail\/"},{"@type":"ListItem","position":2,"name":"Animation","item":"https:\/\/asso.graie.org\/portail\/animationregionale\/"},{"@type":"ListItem","position":3,"name":"Animations sp\u00e9cifiques","item":"https:\/\/asso.graie.org\/portail\/animationregionale\/animations-specifiques\/"},{"@type":"ListItem","position":4,"name":"Charte Qualit&rsquo;ANC","item":"https:\/\/asso.graie.org\/portail\/animationregionale\/animations-specifiques\/charte-anc-charte-anc-accueil\/"},{"@type":"ListItem","position":5,"name":"Charte Qualit&rsquo;ANC &#8211; Adh\u00e9sion"}]},{"@type":"WebSite","@id":"https:\/\/asso.graie.org\/portail\/#website","url":"https:\/\/asso.graie.org\/portail\/","name":"Graie","description":"P\u00f4le Eau et Territoires","publisher":{"@id":"https:\/\/asso.graie.org\/portail\/#organization"},"potentialAction":[{"@type":"SearchAction","target":{"@type":"EntryPoint","urlTemplate":"https:\/\/asso.graie.org\/portail\/?s={search_term_string}"},"query-input":"required name=search_term_string"}],"inLanguage":"fr-FR"},{"@type":"Organization","@id":"https:\/\/asso.graie.org\/portail\/#organization","name":"Le Graie","url":"https:\/\/asso.graie.org\/portail\/","logo":{"@type":"ImageObject","inLanguage":"fr-FR","@id":"https:\/\/asso.graie.org\/portail\/#\/schema\/logo\/image\/","url":"https:\/\/asso.graie.org\/portail\/wp-content\/uploads\/2021\/12\/Logotype-Graie.png","contentUrl":"https:\/\/asso.graie.org\/portail\/wp-content\/uploads\/2021\/12\/Logotype-Graie.png","width":1890,"height":1181,"caption":"Le Graie"},"image":{"@id":"https:\/\/asso.graie.org\/portail\/#\/schema\/logo\/image\/"},"sameAs":["https:\/\/fr.linkedin.com\/company\/graie?trk=top_nav_home","https:\/\/www.youtube.com\/channel\/UCZQk0Tt7upYwERYNdDIZqLQ","https:\/\/twitter.com\/asso_graie"]}]}},"_links":{"self":[{"href":"https:\/\/asso.graie.org\/portail\/wp-json\/wp\/v2\/pages\/11068"}],"collection":[{"href":"https:\/\/asso.graie.org\/portail\/wp-json\/wp\/v2\/pages"}],"about":[{"href":"https:\/\/asso.graie.org\/portail\/wp-json\/wp\/v2\/types\/page"}],"author":[{"embeddable":true,"href":"https:\/\/asso.graie.org\/portail\/wp-json\/wp\/v2\/users\/1"}],"replies":[{"embeddable":true,"href":"https:\/\/asso.graie.org\/portail\/wp-json\/wp\/v2\/comments?post=11068"}],"version-history":[{"count":5,"href":"https:\/\/asso.graie.org\/portail\/wp-json\/wp\/v2\/pages\/11068\/revisions"}],"predecessor-version":[{"id":18612,"href":"https:\/\/asso.graie.org\/portail\/wp-json\/wp\/v2\/pages\/11068\/revisions\/18612"}],"up":[{"embeddable":true,"href":"https:\/\/asso.graie.org\/portail\/wp-json\/wp\/v2\/pages\/8741"}],"wp:attachment":[{"href":"https:\/\/asso.graie.org\/portail\/wp-json\/wp\/v2\/media?parent=11068"}],"curies":[{"name":"wp","href":"https:\/\/api.w.org\/{rel}","templated":true}]}}