{"id":1129,"date":"2021-05-06T15:13:13","date_gmt":"2021-05-06T13:13:13","guid":{"rendered":"https:\/\/asso.graie.org\/portail\/?page_id=1129"},"modified":"2026-03-13T08:52:21","modified_gmt":"2026-03-13T07:52:21","slug":"offres-d-emploi","status":"publish","type":"page","link":"https:\/\/asso.graie.org\/portail\/offres-d-emploi\/","title":{"rendered":"Emploi"},"content":{"rendered":"\n<div style=\"height:39px\" aria-hidden=\"true\" class=\"wp-block-spacer\"><\/div>\n\n\n\n<p>Le Graie et ses partenaires recrutent r\u00e9guli\u00e8rement.<\/p>\n\n\n\n<p>Vous \u00eates \u00e0 la recherche d&rsquo;un poste, d&rsquo;une th\u00e8se, d&rsquo;un stage dans le domaine de la gestion de l&rsquo;eau ? Consultez nos offres d\u2019emploi et de stage et postulez.<\/p>\n\n\n\n<div style=\"height:35px\" aria-hidden=\"true\" class=\"wp-block-spacer\"><\/div>\n\n\n\n<p><strong>Le Graie ne recrute pas pour le moment, notre \u00e9quipe est au complet !<\/strong><\/p>\n\n\n\n<div style=\"height:69px\" aria-hidden=\"true\" class=\"wp-block-spacer\"><\/div>\n\n\n\n<h2 class=\"wp-block-heading\"><strong>Offres partenaires<\/strong><\/h2>\n\n\n\n<div style=\"height:51px\" aria-hidden=\"true\" class=\"wp-block-spacer\"><\/div>\n\n\n\n<h3 class=\"wp-block-heading\">SPL \u00d4 des Aravis<\/h3>\n\n\n\n<p>Dans le cadre d&rsquo;un renforcement des missions, la SPL O des Aravis recrute le technicien<br>assainissement. <\/p>\n\n\n\n<div style=\"height:22px\" aria-hidden=\"true\" class=\"wp-block-spacer\"><\/div>\n\n\n\n<ul>\n<li>Offre : <a href=\"https:\/\/www.odesaravis.com\/wp-content\/uploads\/2026\/02\/ODA-Technicien-contr%C3%B4le-assainissement.pdf\">Technicien(ne) de contr\u00f4le assainissement &#8211; H\/F<\/a><\/li>\n\n\n\n<li>Contrat : selon profil CDD\/CDI de droit priv\u00e9<\/li>\n\n\n\n<li>Temps de travail : Temps complet, 37 heures hebdomadaires et RTT<\/li>\n\n\n\n<li>Lieu : Saint Jean De Sixt (HAUTE-SAVOIE)<\/li>\n<\/ul>\n\n\n\n<div style=\"height:22px\" aria-hidden=\"true\" class=\"wp-block-spacer\"><\/div>\n\n\n\n<p>Pour toute demande d&rsquo;informations suppl\u00e9mentaires concernant le poste ou pour envoyer votre CV, n&rsquo;h\u00e9sitez pas \u00e0 adresser un email \u00e0 info@odesaravis.com.<\/p>\n\n\n\n<div style=\"height:89px\" aria-hidden=\"true\" class=\"wp-block-spacer\"><\/div>\n\n\n\n<h3 class=\"wp-block-heading\">Communaut\u00e9 urbaine Creusot Montceau<\/h3>\n\n\n\n<div style=\"height:9px\" aria-hidden=\"true\" class=\"wp-block-spacer\"><\/div>\n\n\n\n<p><a href=\"https:\/\/www.graie.org\/graie\/graiedoc\/doc_telech\/CU_Creusot-Montceau-chef-service-ingenierie-h.pdf\">Chef(fe) du service ing\u00e9nierie (F\/H)<\/a><\/p>\n\n\n\n<ul>\n<li>Poste \u00e0 pourvoir le : 01\/05\/2026<\/li>\n\n\n\n<li>Date limite de candidature : 22\/03\/2026<\/li>\n\n\n\n<li>Type d&#8217;emploi : Emploi permanent &#8211; vacance d&#8217;emploi<\/li>\n\n\n\n<li>Lieu de travail : Ch\u00e2teau de la verrerie &#8211; bp 90069, Montceau-les-Mines (Sa\u00f4ne-et-Loire &#8211; 71)<\/li>\n<\/ul>\n\n\n\n<div style=\"height:19px\" aria-hidden=\"true\" class=\"wp-block-spacer\"><\/div>\n","protected":false},"excerpt":{"rendered":"<p>Le Graie et ses partenaires recrutent r\u00e9guli\u00e8rement. Vous \u00eates \u00e0 la recherche d&rsquo;un poste, d&rsquo;une th\u00e8se, d&rsquo;un stage dans le domaine de la gestion de l&rsquo;eau ? Consultez nos offres d\u2019emploi et de stage et postulez. Le Graie ne recrute &hellip;<\/p>\n","protected":false},"author":1,"featured_media":0,"parent":0,"menu_order":0,"comment_status":"closed","ping_status":"closed","template":"","meta":{"_mi_skip_tracking":false,"footnotes":""},"acf":[],"yoast_head":"<!-- This site is optimized with the Yoast SEO plugin v19.13 - https:\/\/yoast.com\/wordpress\/plugins\/seo\/ -->\n<title>Offres d&#039;emploi | Recrutement | Graie<\/title>\n<meta name=\"description\" content=\"Dans le cadre de ses projets et activit\u00e9s, le Graie recrute r\u00e9guli\u00e8rement. Vous souhaitez nous rejoindre\u00a0? Consultez nos offres d&#039;emploi.\" \/>\n<meta name=\"robots\" content=\"index, follow, max-snippet:-1, max-image-preview:large, max-video-preview:-1\" \/>\n<link rel=\"canonical\" href=\"https:\/\/asso.graie.org\/portail\/offres-d-emploi\/\" \/>\n<meta property=\"og:locale\" content=\"fr_FR\" \/>\n<meta property=\"og:type\" content=\"article\" \/>\n<meta property=\"og:title\" content=\"Offres d&#039;emploi | Recrutement | Graie\" \/>\n<meta property=\"og:description\" content=\"Dans le cadre de ses projets et activit\u00e9s, le Graie recrute r\u00e9guli\u00e8rement. Vous souhaitez nous rejoindre\u00a0? Consultez nos offres d&#039;emploi.\" \/>\n<meta property=\"og:url\" content=\"https:\/\/asso.graie.org\/portail\/offres-d-emploi\/\" \/>\n<meta property=\"og:site_name\" content=\"Graie\" \/>\n<meta property=\"article:modified_time\" content=\"2026-03-13T07:52:21+00:00\" \/>\n<meta name=\"twitter:card\" content=\"summary_large_image\" \/>\n<meta name=\"twitter:site\" content=\"@asso_graie\" \/>\n<meta name=\"twitter:label1\" content=\"Dur\u00e9e de lecture estim\u00e9e\" \/>\n\t<meta name=\"twitter:data1\" content=\"2 minutes\" \/>\n<script type=\"application\/ld+json\" class=\"yoast-schema-graph\">{\"@context\":\"https:\/\/schema.org\",\"@graph\":[{\"@type\":\"WebPage\",\"@id\":\"https:\/\/asso.graie.org\/portail\/offres-d-emploi\/\",\"url\":\"https:\/\/asso.graie.org\/portail\/offres-d-emploi\/\",\"name\":\"Offres d'emploi | Recrutement | Graie\",\"isPartOf\":{\"@id\":\"https:\/\/asso.graie.org\/portail\/#website\"},\"datePublished\":\"2021-05-06T13:13:13+00:00\",\"dateModified\":\"2026-03-13T07:52:21+00:00\",\"description\":\"Dans le cadre de ses projets et activit\u00e9s, le Graie recrute r\u00e9guli\u00e8rement. Vous souhaitez nous rejoindre\u00a0? Consultez nos offres d'emploi.\",\"breadcrumb\":{\"@id\":\"https:\/\/asso.graie.org\/portail\/offres-d-emploi\/#breadcrumb\"},\"inLanguage\":\"fr-FR\",\"potentialAction\":[{\"@type\":\"ReadAction\",\"target\":[\"https:\/\/asso.graie.org\/portail\/offres-d-emploi\/\"]}]},{\"@type\":\"BreadcrumbList\",\"@id\":\"https:\/\/asso.graie.org\/portail\/offres-d-emploi\/#breadcrumb\",\"itemListElement\":[{\"@type\":\"ListItem\",\"position\":1,\"name\":\"Accueil\",\"item\":\"https:\/\/asso.graie.org\/portail\/\"},{\"@type\":\"ListItem\",\"position\":2,\"name\":\"Emploi\"}]},{\"@type\":\"WebSite\",\"@id\":\"https:\/\/asso.graie.org\/portail\/#website\",\"url\":\"https:\/\/asso.graie.org\/portail\/\",\"name\":\"Graie\",\"description\":\"P\u00f4le Eau et Territoires\",\"publisher\":{\"@id\":\"https:\/\/asso.graie.org\/portail\/#organization\"},\"potentialAction\":[{\"@type\":\"SearchAction\",\"target\":{\"@type\":\"EntryPoint\",\"urlTemplate\":\"https:\/\/asso.graie.org\/portail\/?s={search_term_string}\"},\"query-input\":\"required name=search_term_string\"}],\"inLanguage\":\"fr-FR\"},{\"@type\":\"Organization\",\"@id\":\"https:\/\/asso.graie.org\/portail\/#organization\",\"name\":\"Le Graie\",\"url\":\"https:\/\/asso.graie.org\/portail\/\",\"logo\":{\"@type\":\"ImageObject\",\"inLanguage\":\"fr-FR\",\"@id\":\"https:\/\/asso.graie.org\/portail\/#\/schema\/logo\/image\/\",\"url\":\"https:\/\/asso.graie.org\/portail\/wp-content\/uploads\/2021\/12\/Logotype-Graie.png\",\"contentUrl\":\"https:\/\/asso.graie.org\/portail\/wp-content\/uploads\/2021\/12\/Logotype-Graie.png\",\"width\":1890,\"height\":1181,\"caption\":\"Le Graie\"},\"image\":{\"@id\":\"https:\/\/asso.graie.org\/portail\/#\/schema\/logo\/image\/\"},\"sameAs\":[\"https:\/\/fr.linkedin.com\/company\/graie?trk=top_nav_home\",\"https:\/\/www.youtube.com\/channel\/UCZQk0Tt7upYwERYNdDIZqLQ\",\"https:\/\/twitter.com\/asso_graie\"]}]}<\/script>\n<!-- \/ Yoast SEO plugin. -->","yoast_head_json":{"title":"Offres d'emploi | Recrutement | Graie","description":"Dans le cadre de ses projets et activit\u00e9s, le Graie recrute r\u00e9guli\u00e8rement. Vous souhaitez nous rejoindre\u00a0? Consultez nos offres d'emploi.","robots":{"index":"index","follow":"follow","max-snippet":"max-snippet:-1","max-image-preview":"max-image-preview:large","max-video-preview":"max-video-preview:-1"},"canonical":"https:\/\/asso.graie.org\/portail\/offres-d-emploi\/","og_locale":"fr_FR","og_type":"article","og_title":"Offres d'emploi | Recrutement | Graie","og_description":"Dans le cadre de ses projets et activit\u00e9s, le Graie recrute r\u00e9guli\u00e8rement. Vous souhaitez nous rejoindre\u00a0? Consultez nos offres d'emploi.","og_url":"https:\/\/asso.graie.org\/portail\/offres-d-emploi\/","og_site_name":"Graie","article_modified_time":"2026-03-13T07:52:21+00:00","twitter_card":"summary_large_image","twitter_site":"@asso_graie","twitter_misc":{"Dur\u00e9e de lecture estim\u00e9e":"2 minutes"},"schema":{"@context":"https:\/\/schema.org","@graph":[{"@type":"WebPage","@id":"https:\/\/asso.graie.org\/portail\/offres-d-emploi\/","url":"https:\/\/asso.graie.org\/portail\/offres-d-emploi\/","name":"Offres d'emploi | Recrutement | Graie","isPartOf":{"@id":"https:\/\/asso.graie.org\/portail\/#website"},"datePublished":"2021-05-06T13:13:13+00:00","dateModified":"2026-03-13T07:52:21+00:00","description":"Dans le cadre de ses projets et activit\u00e9s, le Graie recrute r\u00e9guli\u00e8rement. Vous souhaitez nous rejoindre\u00a0? Consultez nos offres d'emploi.","breadcrumb":{"@id":"https:\/\/asso.graie.org\/portail\/offres-d-emploi\/#breadcrumb"},"inLanguage":"fr-FR","potentialAction":[{"@type":"ReadAction","target":["https:\/\/asso.graie.org\/portail\/offres-d-emploi\/"]}]},{"@type":"BreadcrumbList","@id":"https:\/\/asso.graie.org\/portail\/offres-d-emploi\/#breadcrumb","itemListElement":[{"@type":"ListItem","position":1,"name":"Accueil","item":"https:\/\/asso.graie.org\/portail\/"},{"@type":"ListItem","position":2,"name":"Emploi"}]},{"@type":"WebSite","@id":"https:\/\/asso.graie.org\/portail\/#website","url":"https:\/\/asso.graie.org\/portail\/","name":"Graie","description":"P\u00f4le Eau et Territoires","publisher":{"@id":"https:\/\/asso.graie.org\/portail\/#organization"},"potentialAction":[{"@type":"SearchAction","target":{"@type":"EntryPoint","urlTemplate":"https:\/\/asso.graie.org\/portail\/?s={search_term_string}"},"query-input":"required name=search_term_string"}],"inLanguage":"fr-FR"},{"@type":"Organization","@id":"https:\/\/asso.graie.org\/portail\/#organization","name":"Le Graie","url":"https:\/\/asso.graie.org\/portail\/","logo":{"@type":"ImageObject","inLanguage":"fr-FR","@id":"https:\/\/asso.graie.org\/portail\/#\/schema\/logo\/image\/","url":"https:\/\/asso.graie.org\/portail\/wp-content\/uploads\/2021\/12\/Logotype-Graie.png","contentUrl":"https:\/\/asso.graie.org\/portail\/wp-content\/uploads\/2021\/12\/Logotype-Graie.png","width":1890,"height":1181,"caption":"Le Graie"},"image":{"@id":"https:\/\/asso.graie.org\/portail\/#\/schema\/logo\/image\/"},"sameAs":["https:\/\/fr.linkedin.com\/company\/graie?trk=top_nav_home","https:\/\/www.youtube.com\/channel\/UCZQk0Tt7upYwERYNdDIZqLQ","https:\/\/twitter.com\/asso_graie"]}]}},"_links":{"self":[{"href":"https:\/\/asso.graie.org\/portail\/wp-json\/wp\/v2\/pages\/1129"}],"collection":[{"href":"https:\/\/asso.graie.org\/portail\/wp-json\/wp\/v2\/pages"}],"about":[{"href":"https:\/\/asso.graie.org\/portail\/wp-json\/wp\/v2\/types\/page"}],"author":[{"embeddable":true,"href":"https:\/\/asso.graie.org\/portail\/wp-json\/wp\/v2\/users\/1"}],"replies":[{"embeddable":true,"href":"https:\/\/asso.graie.org\/portail\/wp-json\/wp\/v2\/comments?post=1129"}],"version-history":[{"count":280,"href":"https:\/\/asso.graie.org\/portail\/wp-json\/wp\/v2\/pages\/1129\/revisions"}],"predecessor-version":[{"id":31537,"href":"https:\/\/asso.graie.org\/portail\/wp-json\/wp\/v2\/pages\/1129\/revisions\/31537"}],"wp:attachment":[{"href":"https:\/\/asso.graie.org\/portail\/wp-json\/wp\/v2\/media?parent=1129"}],"curies":[{"name":"wp","href":"https:\/\/api.w.org\/{rel}","templated":true}]}}