{"id":1237,"date":"2017-06-30T09:07:05","date_gmt":"2017-06-30T07:07:05","guid":{"rendered":"https:\/\/asso.graie.org\/portail\/?page_id=1237"},"modified":"2026-03-25T14:52:05","modified_gmt":"2026-03-25T13:52:05","slug":"gt-effluents-non-domestiques-end","status":"publish","type":"page","link":"https:\/\/asso.graie.org\/portail\/animationregionale\/gt-effluents-non-domestiques-end\/","title":{"rendered":"Effluents non domestiques"},"content":{"rendered":"\n<figure class=\"wp-block-image size-large\"><img decoding=\"async\" loading=\"lazy\" width=\"1024\" height=\"246\" src=\"https:\/\/asso.graie.org\/portail\/wp-content\/uploads\/2022\/05\/Banniere_GT_END-1024x246.png\" alt=\"\" class=\"wp-image-20308\" srcset=\"https:\/\/asso.graie.org\/portail\/wp-content\/uploads\/2022\/05\/Banniere_GT_END-1024x246.png 1024w, https:\/\/asso.graie.org\/portail\/wp-content\/uploads\/2022\/05\/Banniere_GT_END-300x72.png 300w, https:\/\/asso.graie.org\/portail\/wp-content\/uploads\/2022\/05\/Banniere_GT_END-768x185.png 768w, https:\/\/asso.graie.org\/portail\/wp-content\/uploads\/2022\/05\/Banniere_GT_END-1536x369.png 1536w, https:\/\/asso.graie.org\/portail\/wp-content\/uploads\/2022\/05\/Banniere_GT_END-2048x492.png 2048w\" sizes=\"(max-width: 1024px) 100vw, 1024px\" \/><\/figure>\n\n\n\n<div style=\"height:54px\" aria-hidden=\"true\" class=\"wp-block-spacer\"><\/div>\n\n\n\n<h2 class=\"wp-block-heading\">Le r\u00e9seau r\u00e9gional d&rsquo;\u00e9changes sur la gestion des effluents non domestiques (END)<\/h2>\n\n\n\n<div style=\"height:28px\" aria-hidden=\"true\" class=\"wp-block-spacer\"><\/div>\n\n\n\n<div class=\"wp-block-columns is-layout-flex wp-container-2 wp-block-columns-is-layout-flex\">\n<div class=\"wp-block-column is-vertically-aligned-center is-layout-flow wp-block-column-is-layout-flow\" style=\"flex-basis:100%\">\n<p>Parmi les nombreuses missions des gestionnaires de r\u00e9seaux d\u2019assainissement et de stations d\u2019\u00e9puration, <strong>la ma\u00eetrise des rejets d\u2019eaux us\u00e9es non domestiques est devenue primordiale.<\/strong> Ainsi, les collectivit\u00e9s doivent s\u2019adapter, s\u2019organiser et d\u00e9velopper des outils pour encadrer la collecte et le traitement des effluents des \u00e9tablissements concern\u00e9s.<\/p>\n<\/div>\n<\/div>\n\n\n\n<div style=\"height:52px\" aria-hidden=\"true\" class=\"wp-block-spacer\"><\/div>\n\n\n\n<h3 class=\"wp-block-heading\">Objectifs<\/h3>\n\n\n\n<div style=\"height:25px\" aria-hidden=\"true\" class=\"wp-block-spacer\"><\/div>\n\n\n\n<p><strong>Parvenir \u00e0 une bonne ma\u00eetrise du syst\u00e8me d&rsquo;assainissement et des pollutions \u00e0 la source en termes de polluants classiques et de micropolluants, avec une finalit\u00e9 de pr\u00e9servation des milieux.<\/strong><\/p>\n\n\n\n<p>En 2010, le Graie a lanc\u00e9 un r\u00e9seau r\u00e9gional d&rsquo;\u00e9changes afin de <strong>mettre en relation les diff\u00e9rents acteurs de la gestion des rejets non domestiques au r\u00e9seau d&rsquo;assainissement.<\/strong> Le r\u00e9seau \u2013 qui touche une centaine de personnes &#8211; se pr\u00e9occupe de l&rsquo;ensemble des pollutions et des sources &#8211; eaux us\u00e9es, eaux de ruissellement et d\u00e9chets dangereux &#8211; avec une priorit\u00e9 affich\u00e9e sur les <strong>micropolluants.<\/strong><\/p>\n\n\n\n<div style=\"height:46px\" aria-hidden=\"true\" class=\"wp-block-spacer\"><\/div>\n\n\n\n<h3 class=\"wp-block-heading\">3 niveaux d&rsquo;\u00e9changes et d&rsquo;informations<br><\/h3>\n\n\n\n<div style=\"height:25px\" aria-hidden=\"true\" class=\"wp-block-spacer\"><\/div>\n\n\n\n<ul>\n<li>des r\u00e9unions en <strong>groupe de travail restreint <\/strong>rassemblant 3 fois par an des experts et exploitants ayant d\u00e9j\u00e0 mis en place une gestion des rejets non domestiques et souhaitant \u00e9changer et travailler conjointement sur diff\u00e9rentes th\u00e9matiques. Les travaux finalis\u00e9s du groupe de travail sont en libre consultation sur la page productions.<\/li>\n\n\n\n<li><strong>une conf\u00e9rence annuelle<\/strong> sur deux jours (conf\u00e9rence et s\u00e9minaire d&rsquo;\u00e9changes) ouverte \u00e0 l&rsquo;ensemble des acteurs concern\u00e9s permettant un apport important d\u2019informations. Les actes de ces conf\u00e9rences sont <a href=\"https:\/\/asso.graie.org\/portail\/resultat-de-recherche-detaillee\/?_sfm_source2=productions_du_graie&amp;_sfm_type_de_document=conference&amp;_sfm_categorie_prod=effluents\" target=\"_blank\" rel=\"noopener noreferrer\">disponibles en ligne<\/a>.<\/li>\n<\/ul>\n\n\n\n<div style=\"height:25px\" aria-hidden=\"true\" class=\"wp-block-spacer\"><\/div>\n\n\n<div class=\"wp-block-image\">\n<figure class=\"alignright\"><img decoding=\"async\" loading=\"lazy\" width=\"1024\" height=\"325\" src=\"https:\/\/asso.graie.org\/portail\/wp-content\/uploads\/2017\/11\/Graie_conference_effluents_non_domestiques_2015-1024x325.jpg\" alt=\"\" class=\"wp-image-8945\" srcset=\"https:\/\/asso.graie.org\/portail\/wp-content\/uploads\/2017\/11\/Graie_conference_effluents_non_domestiques_2015-1024x325.jpg 1024w, https:\/\/asso.graie.org\/portail\/wp-content\/uploads\/2017\/11\/Graie_conference_effluents_non_domestiques_2015-600x191.jpg 600w, https:\/\/asso.graie.org\/portail\/wp-content\/uploads\/2017\/11\/Graie_conference_effluents_non_domestiques_2015-300x95.jpg 300w, https:\/\/asso.graie.org\/portail\/wp-content\/uploads\/2017\/11\/Graie_conference_effluents_non_domestiques_2015-768x244.jpg 768w\" sizes=\"(max-width: 1024px) 100vw, 1024px\" \/><\/figure><\/div>\n\n\n<div style=\"height:25px\" aria-hidden=\"true\" class=\"wp-block-spacer\"><\/div>\n\n\n\n<ul>\n<li><strong>un r\u00e9seau d&rsquo;\u00e9change national<\/strong> permettant aux collectivit\u00e9s et \u00e0 leurs partenaires de partager leurs exp\u00e9riences et de s\u2019entraider via un espace questions\/reponses h\u00e9berg\u00e9 par la plateforme \u00ab\u00a0<a href=\"https:\/\/orion.cerema.fr\/auth\/realms\/CeremaApps\/protocol\/saml?SAMLRequest=fZLBbtswDIZfReDdlu0knivEKbwExQJ0m9G4PewSqA7TarAlT5Sb7u0rO8mWXnIRJIr6%2BPOn5rfvbcPe0JIyOoc4jIChrs1O6ZccHqu7IIPbxZxk2ySdKHr3qh%2FwT4%2FkmH%2BoSRxvcuitFkaSIqFliyRcLTbF93uRhJHorHGmNg2wggit86WWRlPfot2gfVM1Pj7c5%2FDqXEeC88PhEOJ7NyQSUuDQWuWMskjh3vKu6V%2BUJj7Qy3HPRw28PiHD39QBW3mJSks3tnUmG%2BuPYY0WWzmwpO%2BHW5RNS3w5RouuI37WO4KBrVc5bKPnGussnny5GdY0SrMZZjdJmuyn0X6K3rY1UY9rTU5ql0MSJZMgToJ4VsUzMZmKSRJmafoLWHmif1X66PI1656PSSS%2BVVUZlD83FbCn87R8ApxmI8bq9nIo18HyPAlYbP%2BbHV6YvfU27Ob8Ev%2FvI%2FzwvPWqNI2q%2F7Kiacxh6W10mIOzPQK7M7aV7rqCIaJ2wX5MFc5KTQq1A744Ff383xYf&amp;SigAlg=http%3A%2F%2Fwww.w3.org%2F2001%2F04%2Fxmldsig-more%23rsa-sha256&amp;Signature=nAfjNh15giIiZ%2BOnD8kVLBfG6jaf4Brz6iJAmNA4%2F2TO1JkBaE7hoEcLxqbmzw6iKxouJaQUyer8a8N1P9OOewcbUbjVHD4XHeTA%2BvuFrGCfudba%2BIwVqYKskyQ09dlU76xEr70VCRTe3JnJ80hfB7uJ0zW%2BTy85O%2BdxIf7zGxQ%3D\" class=\"broken_link\">Expertises Territoire<\/a>\u00a0\u00bb du Cerema. Les \u00e9changes de ce r\u00e9seau sont retranscrits sur le site du Graie dans un document <a href=\"https:\/\/asso.graie.org\/portail\/foire-aux-questions-gestion-effluents-non-domestiques\/\" target=\"_blank\" rel=\"noreferrer noopener\">\u00ab Foire aux questions \u00bb.<\/a><\/li>\n<\/ul>\n\n\n\n<div style=\"height:48px\" aria-hidden=\"true\" class=\"wp-block-spacer\"><\/div>\n\n\n\n<h3 class=\"wp-block-heading\"><strong><br><\/strong>Public cible<\/h3>\n\n\n\n<div style=\"height:25px\" aria-hidden=\"true\" class=\"wp-block-spacer\"><\/div>\n\n\n\n<p>Ce r\u00e9seau s&rsquo;adresse aux exploitants des syst\u00e8mes d&rsquo;assainissement en charge de la gestion des rejets non domestiques et de leurs partenaires. Les principaux membres du groupe sont :<\/p>\n\n\n\n<ul>\n<li><strong>Des collectivit\u00e9s<\/strong> : Villefranche Beaujolais Agglo (69), Grand Chamb\u00e9ry (73), Annemasse agglo (74), Vienne Condrieu agglo (38), Saint-Etienne M\u00e9tropole (42), Valence Romans Agglo (26) \u2026<\/li>\n\n\n\n<li><strong>Des \u00e9tablissements publics de l&rsquo;\u00c9tat<\/strong> : Agence de l&rsquo;eau RMC et LB<\/li>\n\n\n\n<li><strong>Des exploitants de r\u00e9seau priv\u00e9s et des experts<\/strong> : Suez Eau France, Veolia, Sepia<\/li>\n<\/ul>\n\n\n\n<div style=\"height:48px\" aria-hidden=\"true\" class=\"wp-block-spacer\"><\/div>\n\n\n\n<h3 class=\"wp-block-heading\"><strong>&nbsp;<\/strong><\/h3>\n\n\n\n<p><strong>Vous souhaitez rejoindre le r\u00e9seau\u00a0?<\/strong><br>Prenez contact avec <a href=\"mailto:milena.chabert@graie.org\">Mil\u00e8na CHABERT<\/a>.<\/p>\n\n\n\n<div style=\"height:68px\" aria-hidden=\"true\" class=\"wp-block-spacer\"><\/div>\n","protected":false},"excerpt":{"rendered":"<p>Le r\u00e9seau r\u00e9gional d&rsquo;\u00e9changes sur la gestion des effluents non domestiques (END) Parmi les nombreuses missions des gestionnaires de r\u00e9seaux d\u2019assainissement et de stations d\u2019\u00e9puration, la ma\u00eetrise des rejets d\u2019eaux us\u00e9es non domestiques est devenue primordiale. Ainsi, les collectivit\u00e9s doivent &hellip;<\/p>\n","protected":false},"author":1,"featured_media":0,"parent":1096,"menu_order":0,"comment_status":"closed","ping_status":"closed","template":"","meta":{"_mi_skip_tracking":false,"footnotes":""},"acf":[],"yoast_head":"<!-- This site is optimized with the Yoast SEO plugin v19.13 - https:\/\/yoast.com\/wordpress\/plugins\/seo\/ -->\n<title>Effluents non domestiques (END) | R\u00e9seau r\u00e9gional | Le Graie<\/title>\n<meta name=\"description\" content=\"Le r\u00e9seau r\u00e9gional END a pour but de mettre en relation les acteurs publics et priv\u00e9s de la gestion des rejets non domestiques au r\u00e9seau d&#039;assainissement.\" \/>\n<meta name=\"robots\" content=\"index, follow, max-snippet:-1, max-image-preview:large, max-video-preview:-1\" \/>\n<link rel=\"canonical\" href=\"https:\/\/asso.graie.org\/portail\/animationregionale\/gt-effluents-non-domestiques-end\/\" \/>\n<meta property=\"og:locale\" content=\"fr_FR\" \/>\n<meta property=\"og:type\" content=\"article\" \/>\n<meta property=\"og:title\" content=\"Effluents non domestiques (END) | R\u00e9seau r\u00e9gional | Le Graie\" \/>\n<meta property=\"og:description\" content=\"Le r\u00e9seau r\u00e9gional END a pour but de mettre en relation les acteurs publics et priv\u00e9s de la gestion des rejets non domestiques au r\u00e9seau d&#039;assainissement.\" \/>\n<meta property=\"og:url\" content=\"https:\/\/asso.graie.org\/portail\/animationregionale\/gt-effluents-non-domestiques-end\/\" \/>\n<meta property=\"og:site_name\" content=\"Graie\" \/>\n<meta property=\"article:modified_time\" content=\"2026-03-25T13:52:05+00:00\" \/>\n<meta property=\"og:image\" content=\"https:\/\/asso.graie.org\/portail\/wp-content\/uploads\/2022\/05\/Banniere_GT_END-1024x246.png\" \/>\n<meta name=\"twitter:card\" content=\"summary_large_image\" \/>\n<meta name=\"twitter:site\" content=\"@asso_graie\" \/>\n<meta name=\"twitter:label1\" content=\"Dur\u00e9e de lecture estim\u00e9e\" \/>\n\t<meta name=\"twitter:data1\" content=\"3 minutes\" \/>\n<script type=\"application\/ld+json\" class=\"yoast-schema-graph\">{\"@context\":\"https:\/\/schema.org\",\"@graph\":[{\"@type\":\"WebPage\",\"@id\":\"https:\/\/asso.graie.org\/portail\/animationregionale\/gt-effluents-non-domestiques-end\/\",\"url\":\"https:\/\/asso.graie.org\/portail\/animationregionale\/gt-effluents-non-domestiques-end\/\",\"name\":\"Effluents non domestiques (END) | R\u00e9seau r\u00e9gional | Le Graie\",\"isPartOf\":{\"@id\":\"https:\/\/asso.graie.org\/portail\/#website\"},\"datePublished\":\"2017-06-30T07:07:05+00:00\",\"dateModified\":\"2026-03-25T13:52:05+00:00\",\"description\":\"Le r\u00e9seau r\u00e9gional END a pour but de mettre en relation les acteurs publics et priv\u00e9s de la gestion des rejets non domestiques au r\u00e9seau d'assainissement.\",\"breadcrumb\":{\"@id\":\"https:\/\/asso.graie.org\/portail\/animationregionale\/gt-effluents-non-domestiques-end\/#breadcrumb\"},\"inLanguage\":\"fr-FR\",\"potentialAction\":[{\"@type\":\"ReadAction\",\"target\":[\"https:\/\/asso.graie.org\/portail\/animationregionale\/gt-effluents-non-domestiques-end\/\"]}]},{\"@type\":\"BreadcrumbList\",\"@id\":\"https:\/\/asso.graie.org\/portail\/animationregionale\/gt-effluents-non-domestiques-end\/#breadcrumb\",\"itemListElement\":[{\"@type\":\"ListItem\",\"position\":1,\"name\":\"Accueil\",\"item\":\"https:\/\/asso.graie.org\/portail\/\"},{\"@type\":\"ListItem\",\"position\":2,\"name\":\"Animation\",\"item\":\"https:\/\/asso.graie.org\/portail\/animationregionale\/\"},{\"@type\":\"ListItem\",\"position\":3,\"name\":\"Effluents non domestiques\"}]},{\"@type\":\"WebSite\",\"@id\":\"https:\/\/asso.graie.org\/portail\/#website\",\"url\":\"https:\/\/asso.graie.org\/portail\/\",\"name\":\"Graie\",\"description\":\"P\u00f4le Eau et Territoires\",\"publisher\":{\"@id\":\"https:\/\/asso.graie.org\/portail\/#organization\"},\"potentialAction\":[{\"@type\":\"SearchAction\",\"target\":{\"@type\":\"EntryPoint\",\"urlTemplate\":\"https:\/\/asso.graie.org\/portail\/?s={search_term_string}\"},\"query-input\":\"required name=search_term_string\"}],\"inLanguage\":\"fr-FR\"},{\"@type\":\"Organization\",\"@id\":\"https:\/\/asso.graie.org\/portail\/#organization\",\"name\":\"Le Graie\",\"url\":\"https:\/\/asso.graie.org\/portail\/\",\"logo\":{\"@type\":\"ImageObject\",\"inLanguage\":\"fr-FR\",\"@id\":\"https:\/\/asso.graie.org\/portail\/#\/schema\/logo\/image\/\",\"url\":\"https:\/\/asso.graie.org\/portail\/wp-content\/uploads\/2021\/12\/Logotype-Graie.png\",\"contentUrl\":\"https:\/\/asso.graie.org\/portail\/wp-content\/uploads\/2021\/12\/Logotype-Graie.png\",\"width\":1890,\"height\":1181,\"caption\":\"Le Graie\"},\"image\":{\"@id\":\"https:\/\/asso.graie.org\/portail\/#\/schema\/logo\/image\/\"},\"sameAs\":[\"https:\/\/fr.linkedin.com\/company\/graie?trk=top_nav_home\",\"https:\/\/www.youtube.com\/channel\/UCZQk0Tt7upYwERYNdDIZqLQ\",\"https:\/\/twitter.com\/asso_graie\"]}]}<\/script>\n<!-- \/ Yoast SEO plugin. -->","yoast_head_json":{"title":"Effluents non domestiques (END) | R\u00e9seau r\u00e9gional | Le Graie","description":"Le r\u00e9seau r\u00e9gional END a pour but de mettre en relation les acteurs publics et priv\u00e9s de la gestion des rejets non domestiques au r\u00e9seau d'assainissement.","robots":{"index":"index","follow":"follow","max-snippet":"max-snippet:-1","max-image-preview":"max-image-preview:large","max-video-preview":"max-video-preview:-1"},"canonical":"https:\/\/asso.graie.org\/portail\/animationregionale\/gt-effluents-non-domestiques-end\/","og_locale":"fr_FR","og_type":"article","og_title":"Effluents non domestiques (END) | R\u00e9seau r\u00e9gional | Le Graie","og_description":"Le r\u00e9seau r\u00e9gional END a pour but de mettre en relation les acteurs publics et priv\u00e9s de la gestion des rejets non domestiques au r\u00e9seau d'assainissement.","og_url":"https:\/\/asso.graie.org\/portail\/animationregionale\/gt-effluents-non-domestiques-end\/","og_site_name":"Graie","article_modified_time":"2026-03-25T13:52:05+00:00","og_image":[{"url":"https:\/\/asso.graie.org\/portail\/wp-content\/uploads\/2022\/05\/Banniere_GT_END-1024x246.png"}],"twitter_card":"summary_large_image","twitter_site":"@asso_graie","twitter_misc":{"Dur\u00e9e de lecture estim\u00e9e":"3 minutes"},"schema":{"@context":"https:\/\/schema.org","@graph":[{"@type":"WebPage","@id":"https:\/\/asso.graie.org\/portail\/animationregionale\/gt-effluents-non-domestiques-end\/","url":"https:\/\/asso.graie.org\/portail\/animationregionale\/gt-effluents-non-domestiques-end\/","name":"Effluents non domestiques (END) | R\u00e9seau r\u00e9gional | Le Graie","isPartOf":{"@id":"https:\/\/asso.graie.org\/portail\/#website"},"datePublished":"2017-06-30T07:07:05+00:00","dateModified":"2026-03-25T13:52:05+00:00","description":"Le r\u00e9seau r\u00e9gional END a pour but de mettre en relation les acteurs publics et priv\u00e9s de la gestion des rejets non domestiques au r\u00e9seau d'assainissement.","breadcrumb":{"@id":"https:\/\/asso.graie.org\/portail\/animationregionale\/gt-effluents-non-domestiques-end\/#breadcrumb"},"inLanguage":"fr-FR","potentialAction":[{"@type":"ReadAction","target":["https:\/\/asso.graie.org\/portail\/animationregionale\/gt-effluents-non-domestiques-end\/"]}]},{"@type":"BreadcrumbList","@id":"https:\/\/asso.graie.org\/portail\/animationregionale\/gt-effluents-non-domestiques-end\/#breadcrumb","itemListElement":[{"@type":"ListItem","position":1,"name":"Accueil","item":"https:\/\/asso.graie.org\/portail\/"},{"@type":"ListItem","position":2,"name":"Animation","item":"https:\/\/asso.graie.org\/portail\/animationregionale\/"},{"@type":"ListItem","position":3,"name":"Effluents non domestiques"}]},{"@type":"WebSite","@id":"https:\/\/asso.graie.org\/portail\/#website","url":"https:\/\/asso.graie.org\/portail\/","name":"Graie","description":"P\u00f4le Eau et Territoires","publisher":{"@id":"https:\/\/asso.graie.org\/portail\/#organization"},"potentialAction":[{"@type":"SearchAction","target":{"@type":"EntryPoint","urlTemplate":"https:\/\/asso.graie.org\/portail\/?s={search_term_string}"},"query-input":"required name=search_term_string"}],"inLanguage":"fr-FR"},{"@type":"Organization","@id":"https:\/\/asso.graie.org\/portail\/#organization","name":"Le Graie","url":"https:\/\/asso.graie.org\/portail\/","logo":{"@type":"ImageObject","inLanguage":"fr-FR","@id":"https:\/\/asso.graie.org\/portail\/#\/schema\/logo\/image\/","url":"https:\/\/asso.graie.org\/portail\/wp-content\/uploads\/2021\/12\/Logotype-Graie.png","contentUrl":"https:\/\/asso.graie.org\/portail\/wp-content\/uploads\/2021\/12\/Logotype-Graie.png","width":1890,"height":1181,"caption":"Le Graie"},"image":{"@id":"https:\/\/asso.graie.org\/portail\/#\/schema\/logo\/image\/"},"sameAs":["https:\/\/fr.linkedin.com\/company\/graie?trk=top_nav_home","https:\/\/www.youtube.com\/channel\/UCZQk0Tt7upYwERYNdDIZqLQ","https:\/\/twitter.com\/asso_graie"]}]}},"_links":{"self":[{"href":"https:\/\/asso.graie.org\/portail\/wp-json\/wp\/v2\/pages\/1237"}],"collection":[{"href":"https:\/\/asso.graie.org\/portail\/wp-json\/wp\/v2\/pages"}],"about":[{"href":"https:\/\/asso.graie.org\/portail\/wp-json\/wp\/v2\/types\/page"}],"author":[{"embeddable":true,"href":"https:\/\/asso.graie.org\/portail\/wp-json\/wp\/v2\/users\/1"}],"replies":[{"embeddable":true,"href":"https:\/\/asso.graie.org\/portail\/wp-json\/wp\/v2\/comments?post=1237"}],"version-history":[{"count":69,"href":"https:\/\/asso.graie.org\/portail\/wp-json\/wp\/v2\/pages\/1237\/revisions"}],"predecessor-version":[{"id":31813,"href":"https:\/\/asso.graie.org\/portail\/wp-json\/wp\/v2\/pages\/1237\/revisions\/31813"}],"up":[{"embeddable":true,"href":"https:\/\/asso.graie.org\/portail\/wp-json\/wp\/v2\/pages\/1096"}],"wp:attachment":[{"href":"https:\/\/asso.graie.org\/portail\/wp-json\/wp\/v2\/media?parent=1237"}],"curies":[{"name":"wp","href":"https:\/\/api.w.org\/{rel}","templated":true}]}}