{"id":16550,"date":"2020-09-17T08:42:12","date_gmt":"2020-09-17T06:42:12","guid":{"rendered":"https:\/\/asso.graie.org\/portail\/?page_id=16550"},"modified":"2024-08-27T13:56:23","modified_gmt":"2024-08-27T11:56:23","slug":"cooperation-france-quebec-eaux-pluviales","status":"publish","type":"page","link":"https:\/\/asso.graie.org\/portail\/animationregionale\/animations-specifiques\/cooperation-france-quebec-eaux-pluviales\/","title":{"rendered":"Coop\u00e9ration France Qu\u00e9bec &#8211; Eaux pluviales"},"content":{"rendered":"<h1><b>Programme :<\/b><b>\u00ab&nbsp;Gestion durable des eaux pluviales : \u00c9change d&rsquo;expertise, partage de gouvernance et adaptabilit\u00e9.&nbsp;\u00bb<\/b><\/h1>\n<p>&nbsp;<\/p>\n<p>Le Graie et <a href=\"https:\/\/www.reseau-environnement.com\/eau\">l&rsquo;association R\u00e9seau Environnement (RE)<\/a> ont lanc\u00e9 en 2019, ce projet dont l&rsquo;objectif vis\u00e9 est <b>le d\u00e9veloppement et l\u2019\u00e9change d\u2019expertise entre la France et le Canada <\/b>sur une de leur th\u00e9matique phare conjointe : \u00ab\u00a0l\u2019int\u00e9gration de la gestion des eaux pluviales en milieu urbain comme outil de r\u00e9silience face aux changements climatiques\u00a0\u00bb.<\/p>\n<p>&nbsp;<\/p>\n<p>Le r\u00e9seau th\u00e9matique ainsi mobilis\u00e9, rassemble scientifiques ( OTHU &#8211; Insa Lyon DEEP) , concepteurs, am\u00e9nageurs et gestionnaires d\u2019ouvrage ( M\u00e9tropole de Lyon, Ville de Montr\u00e9al et Qu\u00e9bec, les ateliers UBLO, le groupe de travail pluvial du Graie) ,<strong> afin de capitaliser les retours d\u2019exp\u00e9rience sur les pratiques.<\/strong><\/p>\n<p>Les rencontres (r\u00e9unions de travail, et colloques)&nbsp; \u00ab\u00a0c\u0153ur de ce projet\u00a0\u00bb , permettront d&rsquo;envisager des outils \u00e0 mettre en \u0153uvre pour un d\u00e9veloppement \u00e9clair\u00e9 des projets de gestion des eaux pluviales multifonctionnels int\u00e9gr\u00e9s sur les territoires .<\/p>\n<p>Le travail collaboratif effectu\u00e9 au sein de ce r\u00e9seau sera diffus\u00e9 en fin de projet.<\/p>\n<p>&nbsp;<\/p>\n<p>Ce projet est soutenu dans le cadre de l&rsquo;appel a projet 2018 de le <strong>COOP\u00c9RATION FRANCO- QU\u00c9B\u00c9COISE (#CPCFQ)<\/strong> sur une p\u00e9riode de 2 ans [2019-2020] et \u00e9galement sur la p\u00e9riode [2021-2022] avec un zoom particulier sur l&rsquo;entretien des techniques et leurs gestions patrimoniales.<strong><br \/>\n<\/strong><\/p>\n<p><img decoding=\"async\" loading=\"lazy\" class=\"alignleft wp-image-16552 size-full\" src=\"https:\/\/asso.graie.org\/portail\/wp-content\/uploads\/2020\/09\/RE-GRAIE-COOPFRQ.jpg\" alt=\"\" width=\"680\" height=\"101\" srcset=\"https:\/\/asso.graie.org\/portail\/wp-content\/uploads\/2020\/09\/RE-GRAIE-COOPFRQ.jpg 680w, https:\/\/asso.graie.org\/portail\/wp-content\/uploads\/2020\/09\/RE-GRAIE-COOPFRQ-300x45.jpg 300w\" sizes=\"(max-width: 680px) 100vw, 680px\" \/><\/p>\n<p>&nbsp;<\/p>\n<p>&nbsp;<\/p>\n","protected":false},"excerpt":{"rendered":"<p>Programme :\u00ab&nbsp;Gestion durable des eaux pluviales : \u00c9change d&rsquo;expertise, partage de gouvernance et adaptabilit\u00e9.&nbsp;\u00bb &nbsp; Le Graie et l&rsquo;association R\u00e9seau Environnement (RE) ont lanc\u00e9 en 2019, ce projet dont l&rsquo;objectif vis\u00e9 est le d\u00e9veloppement et l\u2019\u00e9change d\u2019expertise entre la France &hellip;<\/p>\n","protected":false},"author":9,"featured_media":0,"parent":14228,"menu_order":0,"comment_status":"closed","ping_status":"closed","template":"","meta":{"_mi_skip_tracking":false,"footnotes":""},"acf":[],"yoast_head":"<!-- This site is optimized with the Yoast SEO plugin v19.13 - https:\/\/yoast.com\/wordpress\/plugins\/seo\/ -->\n<title>Coop\u00e9ration Eaux Pluviales France-Qu\u00e9bec | Le Graie<\/title>\n<meta name=\"description\" content=\"Le Graie et l&#039;association R\u00e9seau Environnement ont lanc\u00e9 en 2019 ce programme de gestion durable des eaux pluviales pour un \u00e9change d&#039;expertise entre France et Qu\u00e9bec.\" \/>\n<meta name=\"robots\" content=\"index, follow, max-snippet:-1, max-image-preview:large, max-video-preview:-1\" \/>\n<link rel=\"canonical\" href=\"https:\/\/asso.graie.org\/portail\/animationregionale\/animations-specifiques\/cooperation-france-quebec-eaux-pluviales\/\" \/>\n<meta property=\"og:locale\" content=\"fr_FR\" \/>\n<meta property=\"og:type\" content=\"article\" \/>\n<meta property=\"og:title\" content=\"Coop\u00e9ration Eaux Pluviales France-Qu\u00e9bec | Le Graie\" \/>\n<meta property=\"og:description\" content=\"Le Graie et l&#039;association R\u00e9seau Environnement ont lanc\u00e9 en 2019 ce programme de gestion durable des eaux pluviales pour un \u00e9change d&#039;expertise entre France et Qu\u00e9bec.\" \/>\n<meta property=\"og:url\" content=\"https:\/\/asso.graie.org\/portail\/animationregionale\/animations-specifiques\/cooperation-france-quebec-eaux-pluviales\/\" \/>\n<meta property=\"og:site_name\" content=\"Graie\" \/>\n<meta property=\"article:modified_time\" content=\"2024-08-27T11:56:23+00:00\" \/>\n<meta property=\"og:image\" content=\"https:\/\/asso.graie.org\/portail\/wp-content\/uploads\/2020\/09\/RE-GRAIE-COOPFRQ.jpg\" \/>\n<meta name=\"twitter:card\" content=\"summary_large_image\" \/>\n<meta name=\"twitter:site\" content=\"@asso_graie\" \/>\n<meta name=\"twitter:label1\" content=\"Dur\u00e9e de lecture estim\u00e9e\" \/>\n\t<meta name=\"twitter:data1\" content=\"2 minutes\" \/>\n<script type=\"application\/ld+json\" class=\"yoast-schema-graph\">{\"@context\":\"https:\/\/schema.org\",\"@graph\":[{\"@type\":\"WebPage\",\"@id\":\"https:\/\/asso.graie.org\/portail\/animationregionale\/animations-specifiques\/cooperation-france-quebec-eaux-pluviales\/\",\"url\":\"https:\/\/asso.graie.org\/portail\/animationregionale\/animations-specifiques\/cooperation-france-quebec-eaux-pluviales\/\",\"name\":\"Coop\u00e9ration Eaux Pluviales France-Qu\u00e9bec | Le Graie\",\"isPartOf\":{\"@id\":\"https:\/\/asso.graie.org\/portail\/#website\"},\"datePublished\":\"2020-09-17T06:42:12+00:00\",\"dateModified\":\"2024-08-27T11:56:23+00:00\",\"description\":\"Le Graie et l'association R\u00e9seau Environnement ont lanc\u00e9 en 2019 ce programme de gestion durable des eaux pluviales pour un \u00e9change d'expertise entre France et Qu\u00e9bec.\",\"breadcrumb\":{\"@id\":\"https:\/\/asso.graie.org\/portail\/animationregionale\/animations-specifiques\/cooperation-france-quebec-eaux-pluviales\/#breadcrumb\"},\"inLanguage\":\"fr-FR\",\"potentialAction\":[{\"@type\":\"ReadAction\",\"target\":[\"https:\/\/asso.graie.org\/portail\/animationregionale\/animations-specifiques\/cooperation-france-quebec-eaux-pluviales\/\"]}]},{\"@type\":\"BreadcrumbList\",\"@id\":\"https:\/\/asso.graie.org\/portail\/animationregionale\/animations-specifiques\/cooperation-france-quebec-eaux-pluviales\/#breadcrumb\",\"itemListElement\":[{\"@type\":\"ListItem\",\"position\":1,\"name\":\"Accueil\",\"item\":\"https:\/\/asso.graie.org\/portail\/\"},{\"@type\":\"ListItem\",\"position\":2,\"name\":\"Animation\",\"item\":\"https:\/\/asso.graie.org\/portail\/animationregionale\/\"},{\"@type\":\"ListItem\",\"position\":3,\"name\":\"Animations sp\u00e9cifiques\",\"item\":\"https:\/\/asso.graie.org\/portail\/animationregionale\/animations-specifiques\/\"},{\"@type\":\"ListItem\",\"position\":4,\"name\":\"Coop\u00e9ration France Qu\u00e9bec &#8211; Eaux pluviales\"}]},{\"@type\":\"WebSite\",\"@id\":\"https:\/\/asso.graie.org\/portail\/#website\",\"url\":\"https:\/\/asso.graie.org\/portail\/\",\"name\":\"Graie\",\"description\":\"P\u00f4le Eau et Territoires\",\"publisher\":{\"@id\":\"https:\/\/asso.graie.org\/portail\/#organization\"},\"potentialAction\":[{\"@type\":\"SearchAction\",\"target\":{\"@type\":\"EntryPoint\",\"urlTemplate\":\"https:\/\/asso.graie.org\/portail\/?s={search_term_string}\"},\"query-input\":\"required name=search_term_string\"}],\"inLanguage\":\"fr-FR\"},{\"@type\":\"Organization\",\"@id\":\"https:\/\/asso.graie.org\/portail\/#organization\",\"name\":\"Le Graie\",\"url\":\"https:\/\/asso.graie.org\/portail\/\",\"logo\":{\"@type\":\"ImageObject\",\"inLanguage\":\"fr-FR\",\"@id\":\"https:\/\/asso.graie.org\/portail\/#\/schema\/logo\/image\/\",\"url\":\"https:\/\/asso.graie.org\/portail\/wp-content\/uploads\/2021\/12\/Logotype-Graie.png\",\"contentUrl\":\"https:\/\/asso.graie.org\/portail\/wp-content\/uploads\/2021\/12\/Logotype-Graie.png\",\"width\":1890,\"height\":1181,\"caption\":\"Le Graie\"},\"image\":{\"@id\":\"https:\/\/asso.graie.org\/portail\/#\/schema\/logo\/image\/\"},\"sameAs\":[\"https:\/\/fr.linkedin.com\/company\/graie?trk=top_nav_home\",\"https:\/\/www.youtube.com\/channel\/UCZQk0Tt7upYwERYNdDIZqLQ\",\"https:\/\/twitter.com\/asso_graie\"]}]}<\/script>\n<!-- \/ Yoast SEO plugin. -->","yoast_head_json":{"title":"Coop\u00e9ration Eaux Pluviales France-Qu\u00e9bec | Le Graie","description":"Le Graie et l'association R\u00e9seau Environnement ont lanc\u00e9 en 2019 ce programme de gestion durable des eaux pluviales pour un \u00e9change d'expertise entre France et Qu\u00e9bec.","robots":{"index":"index","follow":"follow","max-snippet":"max-snippet:-1","max-image-preview":"max-image-preview:large","max-video-preview":"max-video-preview:-1"},"canonical":"https:\/\/asso.graie.org\/portail\/animationregionale\/animations-specifiques\/cooperation-france-quebec-eaux-pluviales\/","og_locale":"fr_FR","og_type":"article","og_title":"Coop\u00e9ration Eaux Pluviales France-Qu\u00e9bec | Le Graie","og_description":"Le Graie et l'association R\u00e9seau Environnement ont lanc\u00e9 en 2019 ce programme de gestion durable des eaux pluviales pour un \u00e9change d'expertise entre France et Qu\u00e9bec.","og_url":"https:\/\/asso.graie.org\/portail\/animationregionale\/animations-specifiques\/cooperation-france-quebec-eaux-pluviales\/","og_site_name":"Graie","article_modified_time":"2024-08-27T11:56:23+00:00","og_image":[{"url":"https:\/\/asso.graie.org\/portail\/wp-content\/uploads\/2020\/09\/RE-GRAIE-COOPFRQ.jpg"}],"twitter_card":"summary_large_image","twitter_site":"@asso_graie","twitter_misc":{"Dur\u00e9e de lecture estim\u00e9e":"2 minutes"},"schema":{"@context":"https:\/\/schema.org","@graph":[{"@type":"WebPage","@id":"https:\/\/asso.graie.org\/portail\/animationregionale\/animations-specifiques\/cooperation-france-quebec-eaux-pluviales\/","url":"https:\/\/asso.graie.org\/portail\/animationregionale\/animations-specifiques\/cooperation-france-quebec-eaux-pluviales\/","name":"Coop\u00e9ration Eaux Pluviales France-Qu\u00e9bec | Le Graie","isPartOf":{"@id":"https:\/\/asso.graie.org\/portail\/#website"},"datePublished":"2020-09-17T06:42:12+00:00","dateModified":"2024-08-27T11:56:23+00:00","description":"Le Graie et l'association R\u00e9seau Environnement ont lanc\u00e9 en 2019 ce programme de gestion durable des eaux pluviales pour un \u00e9change d'expertise entre France et Qu\u00e9bec.","breadcrumb":{"@id":"https:\/\/asso.graie.org\/portail\/animationregionale\/animations-specifiques\/cooperation-france-quebec-eaux-pluviales\/#breadcrumb"},"inLanguage":"fr-FR","potentialAction":[{"@type":"ReadAction","target":["https:\/\/asso.graie.org\/portail\/animationregionale\/animations-specifiques\/cooperation-france-quebec-eaux-pluviales\/"]}]},{"@type":"BreadcrumbList","@id":"https:\/\/asso.graie.org\/portail\/animationregionale\/animations-specifiques\/cooperation-france-quebec-eaux-pluviales\/#breadcrumb","itemListElement":[{"@type":"ListItem","position":1,"name":"Accueil","item":"https:\/\/asso.graie.org\/portail\/"},{"@type":"ListItem","position":2,"name":"Animation","item":"https:\/\/asso.graie.org\/portail\/animationregionale\/"},{"@type":"ListItem","position":3,"name":"Animations sp\u00e9cifiques","item":"https:\/\/asso.graie.org\/portail\/animationregionale\/animations-specifiques\/"},{"@type":"ListItem","position":4,"name":"Coop\u00e9ration France Qu\u00e9bec &#8211; Eaux pluviales"}]},{"@type":"WebSite","@id":"https:\/\/asso.graie.org\/portail\/#website","url":"https:\/\/asso.graie.org\/portail\/","name":"Graie","description":"P\u00f4le Eau et Territoires","publisher":{"@id":"https:\/\/asso.graie.org\/portail\/#organization"},"potentialAction":[{"@type":"SearchAction","target":{"@type":"EntryPoint","urlTemplate":"https:\/\/asso.graie.org\/portail\/?s={search_term_string}"},"query-input":"required name=search_term_string"}],"inLanguage":"fr-FR"},{"@type":"Organization","@id":"https:\/\/asso.graie.org\/portail\/#organization","name":"Le Graie","url":"https:\/\/asso.graie.org\/portail\/","logo":{"@type":"ImageObject","inLanguage":"fr-FR","@id":"https:\/\/asso.graie.org\/portail\/#\/schema\/logo\/image\/","url":"https:\/\/asso.graie.org\/portail\/wp-content\/uploads\/2021\/12\/Logotype-Graie.png","contentUrl":"https:\/\/asso.graie.org\/portail\/wp-content\/uploads\/2021\/12\/Logotype-Graie.png","width":1890,"height":1181,"caption":"Le Graie"},"image":{"@id":"https:\/\/asso.graie.org\/portail\/#\/schema\/logo\/image\/"},"sameAs":["https:\/\/fr.linkedin.com\/company\/graie?trk=top_nav_home","https:\/\/www.youtube.com\/channel\/UCZQk0Tt7upYwERYNdDIZqLQ","https:\/\/twitter.com\/asso_graie"]}]}},"_links":{"self":[{"href":"https:\/\/asso.graie.org\/portail\/wp-json\/wp\/v2\/pages\/16550"}],"collection":[{"href":"https:\/\/asso.graie.org\/portail\/wp-json\/wp\/v2\/pages"}],"about":[{"href":"https:\/\/asso.graie.org\/portail\/wp-json\/wp\/v2\/types\/page"}],"author":[{"embeddable":true,"href":"https:\/\/asso.graie.org\/portail\/wp-json\/wp\/v2\/users\/9"}],"replies":[{"embeddable":true,"href":"https:\/\/asso.graie.org\/portail\/wp-json\/wp\/v2\/comments?post=16550"}],"version-history":[{"count":13,"href":"https:\/\/asso.graie.org\/portail\/wp-json\/wp\/v2\/pages\/16550\/revisions"}],"predecessor-version":[{"id":26395,"href":"https:\/\/asso.graie.org\/portail\/wp-json\/wp\/v2\/pages\/16550\/revisions\/26395"}],"up":[{"embeddable":true,"href":"https:\/\/asso.graie.org\/portail\/wp-json\/wp\/v2\/pages\/14228"}],"wp:attachment":[{"href":"https:\/\/asso.graie.org\/portail\/wp-json\/wp\/v2\/media?parent=16550"}],"curies":[{"name":"wp","href":"https:\/\/api.w.org\/{rel}","templated":true}]}}