{"id":16696,"date":"0202-01-19T15:16:26","date_gmt":"0202-01-19T15:07:05","guid":{"rendered":"https:\/\/asso.graie.org\/portail\/?page_id=16696"},"modified":"2026-02-13T17:08:55","modified_gmt":"2026-02-13T16:08:55","slug":"adherer","status":"publish","type":"page","link":"https:\/\/asso.graie.org\/portail\/adherer\/","title":{"rendered":"Adh\u00e9rer"},"content":{"rendered":"\n<h2 class=\"wp-block-heading\">Pourquoi rejoindre le Graie ?<\/h2>\n\n\n<div class=\"wp-block-image\">\n<figure class=\"aligncenter size-large\"><img decoding=\"async\" loading=\"lazy\" width=\"724\" height=\"1024\" src=\"https:\/\/asso.graie.org\/portail\/wp-content\/uploads\/2025\/10\/6_bonnes_raisons_dadherer_2026-724x1024.png\" alt=\"\" class=\"wp-image-29172\" srcset=\"https:\/\/asso.graie.org\/portail\/wp-content\/uploads\/2025\/10\/6_bonnes_raisons_dadherer_2026-724x1024.png 724w, https:\/\/asso.graie.org\/portail\/wp-content\/uploads\/2025\/10\/6_bonnes_raisons_dadherer_2026-212x300.png 212w, https:\/\/asso.graie.org\/portail\/wp-content\/uploads\/2025\/10\/6_bonnes_raisons_dadherer_2026-768x1086.png 768w, https:\/\/asso.graie.org\/portail\/wp-content\/uploads\/2025\/10\/6_bonnes_raisons_dadherer_2026-1086x1536.png 1086w, https:\/\/asso.graie.org\/portail\/wp-content\/uploads\/2025\/10\/6_bonnes_raisons_dadherer_2026.png 1414w\" sizes=\"(max-width: 724px) 100vw, 724px\" \/><\/figure><\/div>\n\n\n<div style=\"height:100px\" aria-hidden=\"true\" class=\"wp-block-spacer\"><\/div>\n\n\n\n<h3 class=\"wp-block-heading\">Les diff\u00e9rents types d\u2019adh\u00e9sion<\/h3>\n\n\n\n<p>Pour mieux r\u00e9pondre aux besoins de ses adh\u00e9rents, vous avez le choix entre une cotisation simple <strong>\u00ab&nbsp;membre adh\u00e9rent&nbsp;\u00bb<\/strong> ou une cotisation <strong>\u00ab&nbsp;membre engag\u00e9&nbsp;\u00bb<\/strong> incluant des participations pr\u00e9pay\u00e9es aux rencontres.<\/p>\n\n\n<div class=\"wp-block-image\">\n<figure class=\"aligncenter size-full\"><img decoding=\"async\" loading=\"lazy\" width=\"1414\" height=\"1100\" src=\"https:\/\/asso.graie.org\/portail\/wp-content\/uploads\/2024\/01\/Schema_tarifs_adhesion_2024.png\" alt=\"\" class=\"wp-image-25192\" srcset=\"https:\/\/asso.graie.org\/portail\/wp-content\/uploads\/2024\/01\/Schema_tarifs_adhesion_2024.png 1414w, https:\/\/asso.graie.org\/portail\/wp-content\/uploads\/2024\/01\/Schema_tarifs_adhesion_2024-300x233.png 300w, https:\/\/asso.graie.org\/portail\/wp-content\/uploads\/2024\/01\/Schema_tarifs_adhesion_2024-1024x797.png 1024w, https:\/\/asso.graie.org\/portail\/wp-content\/uploads\/2024\/01\/Schema_tarifs_adhesion_2024-768x597.png 768w\" sizes=\"(max-width: 1414px) 100vw, 1414px\" \/><\/figure><\/div>\n\n\n<div style=\"height:53px\" aria-hidden=\"true\" class=\"wp-block-spacer\"><\/div>\n\n\n\n<h3 class=\"wp-block-heading\">Nos tarifs 2026<\/h3>\n\n\n\n<figure class=\"wp-block-image size-full is-resized is-style-default\"><img decoding=\"async\" loading=\"lazy\" width=\"1600\" height=\"1450\" src=\"https:\/\/asso.graie.org\/portail\/wp-content\/uploads\/2026\/02\/tarifs_adhesions_26.jpg\" alt=\"\" class=\"wp-image-31038\" style=\"aspect-ratio:1.103448275862069;width:840px;height:auto\" srcset=\"https:\/\/asso.graie.org\/portail\/wp-content\/uploads\/2026\/02\/tarifs_adhesions_26.jpg 1600w, https:\/\/asso.graie.org\/portail\/wp-content\/uploads\/2026\/02\/tarifs_adhesions_26-300x272.jpg 300w, https:\/\/asso.graie.org\/portail\/wp-content\/uploads\/2026\/02\/tarifs_adhesions_26-1024x928.jpg 1024w, https:\/\/asso.graie.org\/portail\/wp-content\/uploads\/2026\/02\/tarifs_adhesions_26-768x696.jpg 768w, https:\/\/asso.graie.org\/portail\/wp-content\/uploads\/2026\/02\/tarifs_adhesions_26-1536x1392.jpg 1536w\" sizes=\"(max-width: 1600px) 100vw, 1600px\" \/><\/figure>\n\n\n\n<p><em>*Les invitations conf\u00e9rences ne s\u2019appliquent pas aux conf\u00e9rences internationales, sauf exceptions.<\/em> <em>Pour Novatech 2026, les membres engag\u00e9s pourront b\u00e9n\u00e9ficier d\u2019une invitation journ\u00e9e, d\u00e9compt\u00e9e des invitations aux conf\u00e9rences comprises dans leur adh\u00e9sion.<\/em><\/p>\n\n\n\n<ul>\n<li><em>1 invitation-journ\u00e9e pour les membres R4<\/em><\/li>\n\n\n\n<li><em>2 invitations-journ\u00e9e pour les membres R8<\/em> <em>(dans la limite d&rsquo;1 invitation par personne)<\/em><\/li>\n\n\n\n<li><em>4 invitations-journ\u00e9e pour les membres R18<\/em> <em>(dans la limite d&rsquo;1 invitation par personne)<\/em><\/li>\n<\/ul>\n\n\n\n<figure class=\"wp-block-image size-large is-style-default\"><img decoding=\"async\" loading=\"lazy\" width=\"1024\" height=\"683\" src=\"https:\/\/asso.graie.org\/portail\/wp-content\/uploads\/2026\/02\/tarifs_evenement_26-1024x683.jpg\" alt=\"\" class=\"wp-image-31050\" srcset=\"https:\/\/asso.graie.org\/portail\/wp-content\/uploads\/2026\/02\/tarifs_evenement_26-1024x683.jpg 1024w, https:\/\/asso.graie.org\/portail\/wp-content\/uploads\/2026\/02\/tarifs_evenement_26-300x200.jpg 300w, https:\/\/asso.graie.org\/portail\/wp-content\/uploads\/2026\/02\/tarifs_evenement_26-768x512.jpg 768w, https:\/\/asso.graie.org\/portail\/wp-content\/uploads\/2026\/02\/tarifs_evenement_26.jpg 1500w\" sizes=\"(max-width: 1024px) 100vw, 1024px\" \/><\/figure>\n\n\n\n<p><em>Novatech : b\u00e9n\u00e9ficiez du tarif r\u00e9duit Early Bird en vous inscrivant \u00e0 la conf\u00e9rence avant le 15 avril 2026 ! Ouverture des inscriptions le 12 mars 2026 sur le <a href=\"https:\/\/www.graie-novatech.org\/\">site de la conf\u00e9rence internationale.<\/a><\/em><\/p>\n\n\n\n<div style=\"height:32px\" aria-hidden=\"true\" class=\"wp-block-spacer\"><\/div>\n\n\n\n<p><strong>&gt; Retrouvez toutes les informations li\u00e9es aux \u00e9v\u00e8nements du Graie dans le <a href=\"https:\/\/www.graie.org\/graie\/graiedoc\/doc_telech\/Graie_Dossier_Adhesion_2026.pdf\">dossier d\u2019adh\u00e9sion<\/a>.<br><\/strong><\/p>\n\n\n\n<div style=\"height:56px\" aria-hidden=\"true\" class=\"wp-block-spacer\"><\/div>\n\n\n\n<h2 class=\"wp-block-heading\">Comment adh\u00e9rer ?<\/h2>\n\n\n\n<div style=\"height:32px\" aria-hidden=\"true\" class=\"wp-block-spacer\"><\/div>\n\n\n\n<p>Pour adh\u00e9rer au Graie :<br><strong>&gt;&nbsp; En ligne :<\/strong> remplissez directement le <strong><a href=\"https:\/\/forms.zohopublic.eu\/assograie\/form\/GraieAdhsions2026\/formperma\/M7al6-KLYyk22PYqWpqBSFSleDk56WOaskJtIwLQSKo\">formulaire d\u2019adh\u00e9sion<\/a><\/strong><\/p>\n\n\n\n<div style=\"height:32px\" aria-hidden=\"true\" class=\"wp-block-spacer\"><\/div>\n\n\n\n<p><strong>\u00c0 noter&nbsp;:<\/strong> toutes les demandes d\u2019adh\u00e9sion sont soumises au Conseil d\u2019administration du Graie. Les demandes de participation \u00e0 un r\u00e9seau ou groupe de travail sont valid\u00e9es par le r\u00e9seau ou groupe travail sollicit\u00e9.<\/p>\n\n\n\n<p>Si vous adh\u00e9rez \u00e0 partir de d\u00e9cembre 2025, vous b\u00e9n\u00e9ficiez d&rsquo;une adh\u00e9sion pour l&rsquo;ann\u00e9e 2026.<\/p>\n\n\n\n<div style=\"height:32px\" aria-hidden=\"true\" class=\"wp-block-spacer\"><\/div>\n\n\n\n<h2 class=\"wp-block-heading\">Faites un don au Graie !<\/h2>\n\n\n\n<div style=\"height:32px\" aria-hidden=\"true\" class=\"wp-block-spacer\"><\/div>\n\n\n\n<p>Notre association est reconnue d\u2019int\u00e9r\u00eat g\u00e9n\u00e9ral. \u00c0 ce titre, elle est habilit\u00e9e \u00e0 recevoir des dons et \u00e0 d\u00e9livrer des re\u00e7us fiscaux. Le financement issu des dons permet au Graie de lancer des actions autofinanc\u00e9es sur des sujets nouveaux et\/ou d\u2019int\u00e9r\u00eat partag\u00e9.<\/p>\n\n\n\n<div style=\"height:32px\" aria-hidden=\"true\" class=\"wp-block-spacer\"><\/div>\n\n\n\n<p><strong>\u00c0 noter :<\/strong> Un don au Graie donne droit \u00e0 une d\u00e9duction de 66 % sur l\u2019imp\u00f4t sur le revenu (don individuel) ou 60 % sur l\u2019imp\u00f4t sur les soci\u00e9t\u00e9s (m\u00e9c\u00e9nat). D\u00e8s r\u00e9ception de votre don (paiement en ligne ou par ch\u00e8que), nous vous enverrons un re\u00e7u fiscal, vous permettant de d\u00e9duire votre don de vos imp\u00f4ts, et nous afficherons votre soutien (donateur) sur notre site internet.<\/p>\n\n\n\n<div style=\"height:32px\" aria-hidden=\"true\" class=\"wp-block-spacer\"><\/div>\n\n\n\n<p class=\"has-text-align-left\"><strong>En tant que membre du Graie, vous serez convi\u00e9 \u00e0 l\u2019assembl\u00e9e g\u00e9n\u00e9rale de l\u2019association qui a lieu au printemps.<\/strong><br>L&rsquo;assembl\u00e9e g\u00e9n\u00e9rale est l&rsquo;occasion de discuter avec les membres des orientations des activit\u00e9s du Graie pour l&rsquo;ann\u00e9e \u00e0 venir, et de valider le bilan d&rsquo;activit\u00e9, tant en termes d&rsquo;actions que de gouvernance de l&rsquo;association. Elle constitue un cadre privil\u00e9gi\u00e9 pour s&rsquo;assurer que l&rsquo;association r\u00e9pond aux attentes et besoins de ses adh\u00e9rents. La participation des membres de l&rsquo;association est essentielle \u00e0 ce moment particulier de la vie de l&rsquo;association. <a href=\"https:\/\/asso.graie.org\/portail\/presentation\/\">En savoir plus<\/a><\/p>\n\n\n\n<div style=\"height:32px\" aria-hidden=\"true\" class=\"wp-block-spacer\"><\/div>\n","protected":false},"excerpt":{"rendered":"<p>Pourquoi rejoindre le Graie ? Les diff\u00e9rents types d\u2019adh\u00e9sion Pour mieux r\u00e9pondre aux besoins de ses adh\u00e9rents, vous avez le choix entre une cotisation simple \u00ab&nbsp;membre adh\u00e9rent&nbsp;\u00bb ou une cotisation \u00ab&nbsp;membre engag\u00e9&nbsp;\u00bb incluant des participations pr\u00e9pay\u00e9es aux rencontres. Nos tarifs &hellip;<\/p>\n","protected":false},"author":3,"featured_media":0,"parent":0,"menu_order":0,"comment_status":"closed","ping_status":"closed","template":"","meta":{"_mi_skip_tracking":false,"footnotes":""},"acf":[],"yoast_head":"<!-- This site is optimized with the Yoast SEO plugin v19.13 - https:\/\/yoast.com\/wordpress\/plugins\/seo\/ -->\n<title>Adh\u00e9rer au Graie - Pourquoi devenir membre ?<\/title>\n<meta name=\"description\" content=\"Adh\u00e9rer au Graie vous permet de b\u00e9n\u00e9ficier de tarifs pr\u00e9f\u00e9rentiels sur nos rencontres, d&#039;acc\u00e9der \u00e0 un r\u00e9seau d&#039;experts, d&#039;\u00eatre repr\u00e9sent\u00e9 au niveau national,...\" \/>\n<meta name=\"robots\" content=\"index, follow, max-snippet:-1, max-image-preview:large, max-video-preview:-1\" \/>\n<link rel=\"canonical\" href=\"https:\/\/asso.graie.org\/portail\/adherer\/\" \/>\n<meta property=\"og:locale\" content=\"fr_FR\" \/>\n<meta property=\"og:type\" content=\"article\" \/>\n<meta property=\"og:title\" content=\"Adh\u00e9rer au Graie - Pourquoi devenir membre ?\" \/>\n<meta property=\"og:description\" content=\"Adh\u00e9rer au Graie vous permet de b\u00e9n\u00e9ficier de tarifs pr\u00e9f\u00e9rentiels sur nos rencontres, d&#039;acc\u00e9der \u00e0 un r\u00e9seau d&#039;experts, d&#039;\u00eatre repr\u00e9sent\u00e9 au niveau national,...\" \/>\n<meta property=\"og:url\" content=\"https:\/\/asso.graie.org\/portail\/adherer\/\" \/>\n<meta property=\"og:site_name\" content=\"Graie\" \/>\n<meta property=\"article:modified_time\" content=\"2026-02-13T16:08:55+00:00\" \/>\n<meta property=\"og:image\" content=\"https:\/\/asso.graie.org\/portail\/wp-content\/uploads\/2025\/10\/6_bonnes_raisons_dadherer_2026-724x1024.png\" \/>\n<meta name=\"twitter:card\" content=\"summary_large_image\" \/>\n<meta name=\"twitter:site\" content=\"@asso_graie\" \/>\n<meta name=\"twitter:label1\" content=\"Dur\u00e9e de lecture estim\u00e9e\" \/>\n\t<meta name=\"twitter:data1\" content=\"3 minutes\" \/>\n<script type=\"application\/ld+json\" class=\"yoast-schema-graph\">{\"@context\":\"https:\/\/schema.org\",\"@graph\":[{\"@type\":\"WebPage\",\"@id\":\"https:\/\/asso.graie.org\/portail\/adherer\/\",\"url\":\"https:\/\/asso.graie.org\/portail\/adherer\/\",\"name\":\"Adh\u00e9rer au Graie - Pourquoi devenir membre ?\",\"isPartOf\":{\"@id\":\"https:\/\/asso.graie.org\/portail\/#website\"},\"datePublished\":\"0202-01-19T15:07:05+00:00\",\"dateModified\":\"2026-02-13T16:08:55+00:00\",\"description\":\"Adh\u00e9rer au Graie vous permet de b\u00e9n\u00e9ficier de tarifs pr\u00e9f\u00e9rentiels sur nos rencontres, d'acc\u00e9der \u00e0 un r\u00e9seau d'experts, d'\u00eatre repr\u00e9sent\u00e9 au niveau national,...\",\"breadcrumb\":{\"@id\":\"https:\/\/asso.graie.org\/portail\/adherer\/#breadcrumb\"},\"inLanguage\":\"fr-FR\",\"potentialAction\":[{\"@type\":\"ReadAction\",\"target\":[\"https:\/\/asso.graie.org\/portail\/adherer\/\"]}]},{\"@type\":\"BreadcrumbList\",\"@id\":\"https:\/\/asso.graie.org\/portail\/adherer\/#breadcrumb\",\"itemListElement\":[{\"@type\":\"ListItem\",\"position\":1,\"name\":\"Accueil\",\"item\":\"https:\/\/asso.graie.org\/portail\/\"},{\"@type\":\"ListItem\",\"position\":2,\"name\":\"Adh\u00e9rer\"}]},{\"@type\":\"WebSite\",\"@id\":\"https:\/\/asso.graie.org\/portail\/#website\",\"url\":\"https:\/\/asso.graie.org\/portail\/\",\"name\":\"Graie\",\"description\":\"P\u00f4le Eau et Territoires\",\"publisher\":{\"@id\":\"https:\/\/asso.graie.org\/portail\/#organization\"},\"potentialAction\":[{\"@type\":\"SearchAction\",\"target\":{\"@type\":\"EntryPoint\",\"urlTemplate\":\"https:\/\/asso.graie.org\/portail\/?s={search_term_string}\"},\"query-input\":\"required name=search_term_string\"}],\"inLanguage\":\"fr-FR\"},{\"@type\":\"Organization\",\"@id\":\"https:\/\/asso.graie.org\/portail\/#organization\",\"name\":\"Le Graie\",\"url\":\"https:\/\/asso.graie.org\/portail\/\",\"logo\":{\"@type\":\"ImageObject\",\"inLanguage\":\"fr-FR\",\"@id\":\"https:\/\/asso.graie.org\/portail\/#\/schema\/logo\/image\/\",\"url\":\"https:\/\/asso.graie.org\/portail\/wp-content\/uploads\/2021\/12\/Logotype-Graie.png\",\"contentUrl\":\"https:\/\/asso.graie.org\/portail\/wp-content\/uploads\/2021\/12\/Logotype-Graie.png\",\"width\":1890,\"height\":1181,\"caption\":\"Le Graie\"},\"image\":{\"@id\":\"https:\/\/asso.graie.org\/portail\/#\/schema\/logo\/image\/\"},\"sameAs\":[\"https:\/\/fr.linkedin.com\/company\/graie?trk=top_nav_home\",\"https:\/\/www.youtube.com\/channel\/UCZQk0Tt7upYwERYNdDIZqLQ\",\"https:\/\/twitter.com\/asso_graie\"]}]}<\/script>\n<!-- \/ Yoast SEO plugin. -->","yoast_head_json":{"title":"Adh\u00e9rer au Graie - Pourquoi devenir membre ?","description":"Adh\u00e9rer au Graie vous permet de b\u00e9n\u00e9ficier de tarifs pr\u00e9f\u00e9rentiels sur nos rencontres, d'acc\u00e9der \u00e0 un r\u00e9seau d'experts, d'\u00eatre repr\u00e9sent\u00e9 au niveau national,...","robots":{"index":"index","follow":"follow","max-snippet":"max-snippet:-1","max-image-preview":"max-image-preview:large","max-video-preview":"max-video-preview:-1"},"canonical":"https:\/\/asso.graie.org\/portail\/adherer\/","og_locale":"fr_FR","og_type":"article","og_title":"Adh\u00e9rer au Graie - Pourquoi devenir membre ?","og_description":"Adh\u00e9rer au Graie vous permet de b\u00e9n\u00e9ficier de tarifs pr\u00e9f\u00e9rentiels sur nos rencontres, d'acc\u00e9der \u00e0 un r\u00e9seau d'experts, d'\u00eatre repr\u00e9sent\u00e9 au niveau national,...","og_url":"https:\/\/asso.graie.org\/portail\/adherer\/","og_site_name":"Graie","article_modified_time":"2026-02-13T16:08:55+00:00","og_image":[{"url":"https:\/\/asso.graie.org\/portail\/wp-content\/uploads\/2025\/10\/6_bonnes_raisons_dadherer_2026-724x1024.png"}],"twitter_card":"summary_large_image","twitter_site":"@asso_graie","twitter_misc":{"Dur\u00e9e de lecture estim\u00e9e":"3 minutes"},"schema":{"@context":"https:\/\/schema.org","@graph":[{"@type":"WebPage","@id":"https:\/\/asso.graie.org\/portail\/adherer\/","url":"https:\/\/asso.graie.org\/portail\/adherer\/","name":"Adh\u00e9rer au Graie - Pourquoi devenir membre ?","isPartOf":{"@id":"https:\/\/asso.graie.org\/portail\/#website"},"datePublished":"0202-01-19T15:07:05+00:00","dateModified":"2026-02-13T16:08:55+00:00","description":"Adh\u00e9rer au Graie vous permet de b\u00e9n\u00e9ficier de tarifs pr\u00e9f\u00e9rentiels sur nos rencontres, d'acc\u00e9der \u00e0 un r\u00e9seau d'experts, d'\u00eatre repr\u00e9sent\u00e9 au niveau national,...","breadcrumb":{"@id":"https:\/\/asso.graie.org\/portail\/adherer\/#breadcrumb"},"inLanguage":"fr-FR","potentialAction":[{"@type":"ReadAction","target":["https:\/\/asso.graie.org\/portail\/adherer\/"]}]},{"@type":"BreadcrumbList","@id":"https:\/\/asso.graie.org\/portail\/adherer\/#breadcrumb","itemListElement":[{"@type":"ListItem","position":1,"name":"Accueil","item":"https:\/\/asso.graie.org\/portail\/"},{"@type":"ListItem","position":2,"name":"Adh\u00e9rer"}]},{"@type":"WebSite","@id":"https:\/\/asso.graie.org\/portail\/#website","url":"https:\/\/asso.graie.org\/portail\/","name":"Graie","description":"P\u00f4le Eau et Territoires","publisher":{"@id":"https:\/\/asso.graie.org\/portail\/#organization"},"potentialAction":[{"@type":"SearchAction","target":{"@type":"EntryPoint","urlTemplate":"https:\/\/asso.graie.org\/portail\/?s={search_term_string}"},"query-input":"required name=search_term_string"}],"inLanguage":"fr-FR"},{"@type":"Organization","@id":"https:\/\/asso.graie.org\/portail\/#organization","name":"Le Graie","url":"https:\/\/asso.graie.org\/portail\/","logo":{"@type":"ImageObject","inLanguage":"fr-FR","@id":"https:\/\/asso.graie.org\/portail\/#\/schema\/logo\/image\/","url":"https:\/\/asso.graie.org\/portail\/wp-content\/uploads\/2021\/12\/Logotype-Graie.png","contentUrl":"https:\/\/asso.graie.org\/portail\/wp-content\/uploads\/2021\/12\/Logotype-Graie.png","width":1890,"height":1181,"caption":"Le Graie"},"image":{"@id":"https:\/\/asso.graie.org\/portail\/#\/schema\/logo\/image\/"},"sameAs":["https:\/\/fr.linkedin.com\/company\/graie?trk=top_nav_home","https:\/\/www.youtube.com\/channel\/UCZQk0Tt7upYwERYNdDIZqLQ","https:\/\/twitter.com\/asso_graie"]}]}},"_links":{"self":[{"href":"https:\/\/asso.graie.org\/portail\/wp-json\/wp\/v2\/pages\/16696"}],"collection":[{"href":"https:\/\/asso.graie.org\/portail\/wp-json\/wp\/v2\/pages"}],"about":[{"href":"https:\/\/asso.graie.org\/portail\/wp-json\/wp\/v2\/types\/page"}],"author":[{"embeddable":true,"href":"https:\/\/asso.graie.org\/portail\/wp-json\/wp\/v2\/users\/3"}],"replies":[{"embeddable":true,"href":"https:\/\/asso.graie.org\/portail\/wp-json\/wp\/v2\/comments?post=16696"}],"version-history":[{"count":120,"href":"https:\/\/asso.graie.org\/portail\/wp-json\/wp\/v2\/pages\/16696\/revisions"}],"predecessor-version":[{"id":31087,"href":"https:\/\/asso.graie.org\/portail\/wp-json\/wp\/v2\/pages\/16696\/revisions\/31087"}],"wp:attachment":[{"href":"https:\/\/asso.graie.org\/portail\/wp-json\/wp\/v2\/media?parent=16696"}],"curies":[{"name":"wp","href":"https:\/\/api.w.org\/{rel}","templated":true}]}}